{"id":1157,"date":"2023-10-19T13:48:03","date_gmt":"2023-10-19T11:48:03","guid":{"rendered":"https:\/\/matterhorn-home.ch\/informations\/"},"modified":"2025-08-02T19:37:09","modified_gmt":"2025-08-02T17:37:09","slug":"informations","status":"publish","type":"page","link":"https:\/\/matterhorn-home.ch\/en\/informations\/","title":{"rendered":"Information"},"content":{"rendered":"<div id='full_slider_1'  class='avia-fullwidth-slider main_color avia-shadow   avia-builder-el-0  el_before_av_section  avia-builder-el-first   container_wrap fullsize'  >\n<style type=\"text\/css\" data-created_by=\"avia_inline_auto\" id=\"style-css-av-lnx41eih-0749def945ae01e88b903a13134425e0\">\n@keyframes av_slideshow_img_scale_av-lnx41eih-0749def945ae01e88b903a13134425e0 {\n   0% { transform: scale(1); opacity: 1; }\n 100% { transform: scale(1.05); opacity: 1; }\n}\n.avia-slideshow.av-lnx41eih-0749def945ae01e88b903a13134425e0 .avia-slideshow-slide.next-active-slide img{\nanimation:av_slideshow_img_scale_av-lnx41eih-0749def945ae01e88b903a13134425e0 6s 1 ease-in-out;\ntransform:scale(1.05);\nopacity:1;\n}\n<\/style>\n<div  class='avia-slideshow av-lnx41eih-0749def945ae01e88b903a13134425e0 avia-slideshow-extra_large av_slideshow_full avia-fade-slider av-slideshow-ui av-control-default av-nav-dots-visible av-hide-nav-arrows av-slideshow-autoplay av-loop-endless av-loop-manual-endless av-default-height-applied   avia-slideshow-1' data-slideshow-options=\"{&quot;animation&quot;:&quot;fade&quot;,&quot;autoplay&quot;:true,&quot;loop_autoplay&quot;:&quot;endless&quot;,&quot;interval&quot;:8,&quot;loop_manual&quot;:&quot;manual-endless&quot;,&quot;autoplay_stopper&quot;:false,&quot;noNavigation&quot;:false,&quot;bg_slider&quot;:false,&quot;transitionSpeed&quot;:2000,&quot;keep_padding&quot;:false,&quot;hoverpause&quot;:false,&quot;show_slide_delay&quot;:0}\"  itemprop=\"image\" itemscope=\"itemscope\" itemtype=\"https:\/\/schema.org\/ImageObject\" ><ul class='avia-slideshow-inner ' style='padding-bottom: 43.229166666667%;'><li  class='avia-slideshow-slide av-lnx41eih-0749def945ae01e88b903a13134425e0__0  slide-1 slide-odd'><div data-rel='slideshow-1' class='avia-slide-wrap '   ><img alt=\"\" alt=\"\" decoding=\"async\" fetchpriority=\"high\" class=\"wp-image-1550 avia-img-lazy-loading-not-1550\"  src=\"https:\/\/matterhorn-home.ch\/wp-content\/uploads\/2023\/10\/Matterhornb_Banner-9-1-1920x830.jpg\" width=\"1920\" height=\"830\" title='Matterhornb_Banner (9)' alt=''  itemprop=\"thumbnailUrl\"   \/><div class='av-section-color-overlay' style='opacity: 0.3; background-color: #000000; '><\/div><\/div><\/li><li  class='avia-slideshow-slide av-lnx41eih-0749def945ae01e88b903a13134425e0__1  slide-2 slide-even'><div data-rel='slideshow-1' class='avia-slide-wrap '   ><img alt=\"\" alt=\"\" decoding=\"async\" fetchpriority=\"high\" class=\"wp-image-1371 avia-img-lazy-loading-not-1371\"  src=\"https:\/\/matterhorn-home.ch\/wp-content\/uploads\/2023\/10\/Matterhornb_Banner-4-1920x830.jpg\" width=\"1920\" height=\"830\" title='Matterhornb_Banner (4)' alt=''  itemprop=\"thumbnailUrl\"   \/><div class='av-section-color-overlay' style='opacity: 0.3; background-color: #000000; '><\/div><\/div><\/li><li  class='avia-slideshow-slide av-lnx41eih-0749def945ae01e88b903a13134425e0__2  slide-3 slide-odd'><div data-rel='slideshow-1' class='avia-slide-wrap '   ><img alt=\"\" alt=\"\" decoding=\"async\" fetchpriority=\"high\" class=\"wp-image-1548 avia-img-lazy-loading-not-1548\"  src=\"https:\/\/matterhorn-home.ch\/wp-content\/uploads\/2023\/10\/Matterhornb_Banner-3-1-1917x830.jpg\" width=\"1917\" height=\"830\" title='Matterhornb_Banner (3)' alt=''  itemprop=\"thumbnailUrl\"   \/><div class='av-section-color-overlay' style='opacity: 0.3; background-color: #000000; '><\/div><\/div><\/li><\/ul><div class='avia-slideshow-arrows avia-slideshow-controls' ><a href='#prev' class='prev-slide  avia-svg-icon avia-font-svg_entypo-fontello' data-av_svg_icon='left-open-big' data-av_iconset='svg_entypo-fontello' tabindex='-1' title=\"Previous\"><svg version=\"1.1\" xmlns=\"http:\/\/www.w3.org\/2000\/svg\" width=\"15\" height=\"32\" viewBox=\"0 0 15 32\" preserveAspectRatio=\"xMidYMid meet\" aria-labelledby='av-svg-title-1' aria-describedby='av-svg-desc-1' role=\"graphics-symbol\" aria-hidden=\"true\">\n<title id='av-svg-title-1'>Previous<\/title>\n<desc id='av-svg-desc-1'>Previous<\/desc>\n<path d=\"M14.464 27.84q0.832 0.832 0 1.536-0.832 0.832-1.536 0l-12.544-12.608q-0.768-0.768 0-1.6l12.544-12.608q0.704-0.832 1.536 0 0.832 0.704 0 1.536l-11.456 11.904z\"><\/path>\n<\/svg><span class='avia_hidden_link_text'>Previous<\/span><\/a><a href='#next' class='next-slide  avia-svg-icon avia-font-svg_entypo-fontello' data-av_svg_icon='right-open-big' data-av_iconset='svg_entypo-fontello' tabindex='-1' title=\"Next\"><svg version=\"1.1\" xmlns=\"http:\/\/www.w3.org\/2000\/svg\" width=\"15\" height=\"32\" viewBox=\"0 0 15 32\" preserveAspectRatio=\"xMidYMid meet\" aria-labelledby='av-svg-title-2' aria-describedby='av-svg-desc-2' role=\"graphics-symbol\" aria-hidden=\"true\">\n<title id='av-svg-title-2'>Next<\/title>\n<desc id='av-svg-desc-2'>Next<\/desc>\n<path d=\"M0.416 27.84l11.456-11.84-11.456-11.904q-0.832-0.832 0-1.536 0.832-0.832 1.536 0l12.544 12.608q0.768 0.832 0 1.6l-12.544 12.608q-0.704 0.832-1.536 0-0.832-0.704 0-1.536z\"><\/path>\n<\/svg><span class='avia_hidden_link_text'>Next<\/span><\/a><\/div><div class='avia-slideshow-dots avia-slideshow-controls'><a href='#1' class='goto-slide active' >1<\/a><a href='#2' class='goto-slide ' >2<\/a><a href='#3' class='goto-slide ' >3<\/a><\/div><div class='av-slideshow-caption av-lnx41eih-0749def945ae01e88b903a13134425e0__0 caption_fullwidth caption_bottom'><div class=\"container caption_container\"><div class=\"slideshow_caption\"><div class=\"slideshow_inner_caption\"><div class=\"slideshow_align_caption\"><h1 class='avia-caption-title '  itemprop=\"name\" >Information<\/h1><\/div><\/div><\/div><\/div><\/div><\/div><\/div>\n<div id='werwirsind'  class='avia-section av-lnx6560z-d8ddf4d3f147948e606796c1b8ae3103 main_color avia-section-default avia-shadow  avia-builder-el-1  el_after_av_slideshow_full  el_before_av_masonry_gallery  avia-bg-style-scroll container_wrap fullsize'  ><div class='container av-section-cont-open' ><div class='template-page content  av-content-full alpha units'><div class='post-entry post-entry-type-page post-entry-1157'><div class='entry-content-wrapper clearfix'>\n\n<style type=\"text\/css\" data-created_by=\"avia_inline_auto\" id=\"style-css-av-78xy-2fb24a23260454fe26f368e4266eb5e3\">\n.flex_column.av-78xy-2fb24a23260454fe26f368e4266eb5e3{\nborder-radius:0px 0px 0px 0px;\npadding:0px 0px 0px 0px;\n}\n<\/style>\n<div  class='flex_column av-78xy-2fb24a23260454fe26f368e4266eb5e3 av_one_full  avia-builder-el-2  avia-builder-el-no-sibling  first flex_column_div av-zero-column-padding  '     ><p>\n<style type=\"text\/css\" data-created_by=\"avia_inline_auto\" id=\"style-css-av-1saey-c003f97229dde796177f33e8a2c6734f\">\n#top .hr.hr-invisible.av-1saey-c003f97229dde796177f33e8a2c6734f{\nheight:70px;\n}\n<\/style>\n<div  class='hr av-1saey-c003f97229dde796177f33e8a2c6734f hr-invisible  avia-builder-el-3  el_before_av_textblock  avia-builder-el-first '><span class='hr-inner '><span class=\"hr-inner-style\"><\/span><\/span><\/div><br \/>\n<section  class='av_textblock_section av-lnx650iy-0dc543a94011cafb0da47111f3a5828d '   itemscope=\"itemscope\" itemtype=\"https:\/\/schema.org\/CreativeWork\" ><div class='avia_textblock'  itemprop=\"text\" ><h2 class=\"HeadingBlue\" style=\"text-align: center;\">Who we are<\/h2>\n<\/div><\/section><br \/>\n\n<style type=\"text\/css\" data-created_by=\"avia_inline_auto\" id=\"style-css-av-tg8y-e812481f429b111cb9936fd295129596\">\n#top .hr.av-tg8y-e812481f429b111cb9936fd295129596{\nmargin-top:0px;\nmargin-bottom:15px;\n}\n.hr.av-tg8y-e812481f429b111cb9936fd295129596 .hr-inner{\nwidth:100px;\nborder-color:#b39548;\nmax-width:45%;\n}\n.hr.av-tg8y-e812481f429b111cb9936fd295129596 .av-seperator-icon{\ncolor:#b39548;\n}\n.hr.av-tg8y-e812481f429b111cb9936fd295129596 .av-seperator-icon.avia-svg-icon svg:first-child{\nfill:#b39548;\nstroke:#b39548;\n}\n<\/style>\n<div  class='hr av-tg8y-e812481f429b111cb9936fd295129596 hr-custom  avia-builder-el-5  el_after_av_textblock  el_before_av_textblock  hr-center hr-icon-yes'><span class='hr-inner inner-border-av-border-thin'><span class=\"hr-inner-style\"><\/span><\/span><span class='av-seperator-icon avia-iconfont avia-font-entypo-fontello' data-av_icon='\ue89a' data-av_iconfont='entypo-fontello' ><\/span><span class='hr-inner inner-border-av-border-thin'><span class=\"hr-inner-style\"><\/span><\/span><\/div><br \/>\n<section  class='av_textblock_section av-907we-7b68c815aef8cbfe2cdfb953bb93f14c '   itemscope=\"itemscope\" itemtype=\"https:\/\/schema.org\/CreativeWork\" ><div class='avia_textblock'  itemprop=\"text\" ><p style=\"text-align: center;\">Evelyn Hernandez and Emil Perren together with our daughter Andrea.<\/p>\n<p style=\"text-align: center;\">Evelyn was born in Cuba and I grew up in Zermatt. We are happily married and live together with Andrea in Zermatt.<\/p>\n<p style=\"text-align: center;\"> Since 2016 we have been renting out various beautiful vacation apartments in Havana, in the Vedado district.<\/p>\n<p style=\"text-align: center;\">After renting out apartments in Zermatt to permanent tenants for a long time, we have now decided to offer them to vacation guests as well. We guarantee you all the comforts and a perfect home for your next vacation.<\/p>\n<p style=\"text-align: center;\">We want you to feel at home in our apartments. For this reason, we are happy to help you with any questions and concerns during your stay. We are always there for you!<\/p>\n<p style=\"text-align: center;\">We wish you a warm welcome! Please feel free to visit us<\/p>\n<p style=\"text-align: center;\">\n<\/div><\/section><\/p><\/div>\n\n<div id='av-masonry-1' class='av-masonry av-lnx71qvk-7609791dc0469ea1d66d5daabe46da07 noHover av-fixed-size av-1px-gap av-hover-overlay- av-masonry-animation-active av-masonry-col-5 av-caption-always av-caption-style- av-masonry-gallery ' data-post_id=\"1157\"><div class=\"av-masonry-container isotope av-js-disabled\"><div class='av-masonry-entry isotope-item av-masonry-item-no-image '><\/div><a href=\"https:\/\/matterhorn-home.ch\/wp-content\/uploads\/2024\/07\/IMG_6449-1440x1080.jpg\" data-srcset=\"https:\/\/matterhorn-home.ch\/wp-content\/uploads\/2024\/07\/IMG_6449-1440x1080.jpg 1440w, https:\/\/matterhorn-home.ch\/wp-content\/uploads\/2024\/07\/IMG_6449-1024x768.jpg 1024w, https:\/\/matterhorn-home.ch\/wp-content\/uploads\/2024\/07\/IMG_6449-768x576.jpg 768w, https:\/\/matterhorn-home.ch\/wp-content\/uploads\/2024\/07\/IMG_6449-1536x1152.jpg 1536w, https:\/\/matterhorn-home.ch\/wp-content\/uploads\/2024\/07\/IMG_6449-2048x1536.jpg 2048w, https:\/\/matterhorn-home.ch\/wp-content\/uploads\/2024\/07\/IMG_6449-705x529.jpg 705w\" data-sizes=\"(max-width: 1440px) 100vw, 1440px\"  aria-label=\"image IMG_6449\"  id='av-masonry-1-item-2728' data-av-masonry-item='2728' class='av-masonry-entry isotope-item post-2728 attachment type-attachment status-inherit hentry  av-masonry-item-with-image' title=\"IMG_6449\" alt=\"\"    itemprop=\"thumbnailUrl\" ><div class='av-inner-masonry-sizer'><\/div><figure class='av-inner-masonry main_color'><div class=\"av-masonry-outerimage-container\"><div class='av-masonry-image-container' style=\"background-image: url(https:\/\/matterhorn-home.ch\/wp-content\/uploads\/2024\/07\/IMG_6449-705x529.jpg);\"  title=\"IMG_6449\" ><\/div><\/div><\/figure><\/a><!--end av-masonry entry--><a href=\"https:\/\/matterhorn-home.ch\/wp-content\/uploads\/2024\/07\/a50029f9-1900-4168-a0c0-d24e37f1b715.jpg\" data-srcset=\"https:\/\/matterhorn-home.ch\/wp-content\/uploads\/2024\/07\/a50029f9-1900-4168-a0c0-d24e37f1b715.jpg 768w, https:\/\/matterhorn-home.ch\/wp-content\/uploads\/2024\/07\/a50029f9-1900-4168-a0c0-d24e37f1b715-576x768.jpg 576w, https:\/\/matterhorn-home.ch\/wp-content\/uploads\/2024\/07\/a50029f9-1900-4168-a0c0-d24e37f1b715-529x705.jpg 529w\" data-sizes=\"(max-width: 768px) 100vw, 768px\"  aria-label=\"image a50029f9-1900-4168-a0c0-d24e37f1b715\"  id='av-masonry-1-item-2734' data-av-masonry-item='2734' class='av-masonry-entry isotope-item post-2734 attachment type-attachment status-inherit hentry  av-masonry-item-with-image' title=\"a50029f9-1900-4168-a0c0-d24e37f1b715\" alt=\"\"    itemprop=\"thumbnailUrl\" ><div class='av-inner-masonry-sizer'><\/div><figure class='av-inner-masonry main_color'><div class=\"av-masonry-outerimage-container\"><div class='av-masonry-image-container' style=\"background-image: url(https:\/\/matterhorn-home.ch\/wp-content\/uploads\/2024\/07\/a50029f9-1900-4168-a0c0-d24e37f1b715-529x705.jpg);\"  title=\"a50029f9-1900-4168-a0c0-d24e37f1b715\" ><\/div><\/div><\/figure><\/a><!--end av-masonry entry--><a href=\"https:\/\/matterhorn-home.ch\/wp-content\/uploads\/2023\/10\/aa461527-3da6-4041-a8ee-dc7056ba53d3-1440x1080.jpg\" data-srcset=\"https:\/\/matterhorn-home.ch\/wp-content\/uploads\/2023\/10\/aa461527-3da6-4041-a8ee-dc7056ba53d3-1440x1080.jpg 1440w, https:\/\/matterhorn-home.ch\/wp-content\/uploads\/2023\/10\/aa461527-3da6-4041-a8ee-dc7056ba53d3-1024x768.jpg 1024w, https:\/\/matterhorn-home.ch\/wp-content\/uploads\/2023\/10\/aa461527-3da6-4041-a8ee-dc7056ba53d3-768x576.jpg 768w, https:\/\/matterhorn-home.ch\/wp-content\/uploads\/2023\/10\/aa461527-3da6-4041-a8ee-dc7056ba53d3-1536x1152.jpg 1536w, https:\/\/matterhorn-home.ch\/wp-content\/uploads\/2023\/10\/aa461527-3da6-4041-a8ee-dc7056ba53d3-705x529.jpg 705w, https:\/\/matterhorn-home.ch\/wp-content\/uploads\/2023\/10\/aa461527-3da6-4041-a8ee-dc7056ba53d3.jpg 1600w\" data-sizes=\"(max-width: 1440px) 100vw, 1440px\"  aria-label=\"image aa461527-3da6-4041-a8ee-dc7056ba53d3\"  id='av-masonry-1-item-421' data-av-masonry-item='421' class='av-masonry-entry isotope-item post-421 attachment type-attachment status-inherit hentry  av-masonry-item-with-image' title=\"aa461527-3da6-4041-a8ee-dc7056ba53d3\" alt=\"Pause beim Wandern\"    itemprop=\"thumbnailUrl\" ><div class='av-inner-masonry-sizer'><\/div><figure class='av-inner-masonry main_color'><div class=\"av-masonry-outerimage-container\"><div class='av-masonry-image-container' style=\"background-image: url(https:\/\/matterhorn-home.ch\/wp-content\/uploads\/2023\/10\/aa461527-3da6-4041-a8ee-dc7056ba53d3-705x529.jpg);\"  title=\"aa461527-3da6-4041-a8ee-dc7056ba53d3\" ><\/div><\/div><\/figure><\/a><!--end av-masonry entry--><a href=\"https:\/\/matterhorn-home.ch\/wp-content\/uploads\/2023\/10\/Emil-EH-u-Andrea-2.jpg\" data-srcset=\"https:\/\/matterhorn-home.ch\/wp-content\/uploads\/2023\/10\/Emil-EH-u-Andrea-2.jpg 787w, https:\/\/matterhorn-home.ch\/wp-content\/uploads\/2023\/10\/Emil-EH-u-Andrea-2-768x668.jpg 768w, https:\/\/matterhorn-home.ch\/wp-content\/uploads\/2023\/10\/Emil-EH-u-Andrea-2-705x614.jpg 705w\" data-sizes=\"(max-width: 787px) 100vw, 787px\"  aria-label=\"image Emil EH u Andrea (2)\"  id='av-masonry-1-item-1539' data-av-masonry-item='1539' class='av-masonry-entry isotope-item post-1539 attachment type-attachment status-inherit hentry  av-masonry-item-with-image' title=\"Emil EH u Andrea (2)\" alt=\"Auf Mallorca\"    itemprop=\"thumbnailUrl\" ><div class='av-inner-masonry-sizer'><\/div><figure class='av-inner-masonry main_color'><div class=\"av-masonry-outerimage-container\"><div class='av-masonry-image-container' style=\"background-image: url(https:\/\/matterhorn-home.ch\/wp-content\/uploads\/2023\/10\/Emil-EH-u-Andrea-2-705x614.jpg);\"  title=\"Emil EH u Andrea (2)\" ><\/div><\/div><\/figure><\/a><!--end av-masonry entry--><a href=\"https:\/\/matterhorn-home.ch\/wp-content\/uploads\/2023\/10\/whowe_1.jpg\" data-srcset=\"https:\/\/matterhorn-home.ch\/wp-content\/uploads\/2023\/10\/whowe_1.jpg 461w, https:\/\/matterhorn-home.ch\/wp-content\/uploads\/2023\/10\/whowe_1-447x705.jpg 447w\" data-sizes=\"(max-width: 461px) 100vw, 461px\"  aria-label=\"image whowe_1\"  id='av-masonry-1-item-237' data-av-masonry-item='237' class='av-masonry-entry isotope-item post-237 attachment type-attachment status-inherit hentry  av-masonry-item-with-image' title=\"whowe_1\" alt=\"Beim Skifahren auf Riffelberg\"    itemprop=\"thumbnailUrl\" ><div class='av-inner-masonry-sizer'><\/div><figure class='av-inner-masonry main_color'><div class=\"av-masonry-outerimage-container\"><div class='av-masonry-image-container' style=\"background-image: url(https:\/\/matterhorn-home.ch\/wp-content\/uploads\/2023\/10\/whowe_1-447x705.jpg);\"  title=\"whowe_1\" ><\/div><\/div><\/figure><\/a><!--end av-masonry entry--><a href=\"https:\/\/matterhorn-home.ch\/wp-content\/uploads\/2024\/07\/Ferien-Mallorca-24-36-1440x1080.jpg\" data-srcset=\"https:\/\/matterhorn-home.ch\/wp-content\/uploads\/2024\/07\/Ferien-Mallorca-24-36-1440x1080.jpg 1440w, https:\/\/matterhorn-home.ch\/wp-content\/uploads\/2024\/07\/Ferien-Mallorca-24-36-1024x768.jpg 1024w, https:\/\/matterhorn-home.ch\/wp-content\/uploads\/2024\/07\/Ferien-Mallorca-24-36-768x576.jpg 768w, https:\/\/matterhorn-home.ch\/wp-content\/uploads\/2024\/07\/Ferien-Mallorca-24-36-1536x1152.jpg 1536w, https:\/\/matterhorn-home.ch\/wp-content\/uploads\/2024\/07\/Ferien-Mallorca-24-36-705x529.jpg 705w, https:\/\/matterhorn-home.ch\/wp-content\/uploads\/2024\/07\/Ferien-Mallorca-24-36.jpg 1600w\" data-sizes=\"(max-width: 1440px) 100vw, 1440px\"  aria-label=\"image Ferien Mallorca 24 (36)\"  id='av-masonry-1-item-2730' data-av-masonry-item='2730' class='av-masonry-entry isotope-item post-2730 attachment type-attachment status-inherit hentry  av-masonry-item-with-image' title=\"Ferien Mallorca 24 (36)\" alt=\"Lieblingsort in Canyamel\"    itemprop=\"thumbnailUrl\" ><div class='av-inner-masonry-sizer'><\/div><figure class='av-inner-masonry main_color'><div class=\"av-masonry-outerimage-container\"><div class='av-masonry-image-container' style=\"background-image: url(https:\/\/matterhorn-home.ch\/wp-content\/uploads\/2024\/07\/Ferien-Mallorca-24-36-705x529.jpg);\"  title=\"Ferien Mallorca 24 (36)\" ><\/div><\/div><\/figure><\/a><!--end av-masonry entry--><a href=\"https:\/\/matterhorn-home.ch\/wp-content\/uploads\/2024\/07\/20220625151708-810x1080.jpg\" data-srcset=\"https:\/\/matterhorn-home.ch\/wp-content\/uploads\/2024\/07\/20220625151708-810x1080.jpg 810w, https:\/\/matterhorn-home.ch\/wp-content\/uploads\/2024\/07\/20220625151708-576x768.jpg 576w, https:\/\/matterhorn-home.ch\/wp-content\/uploads\/2024\/07\/20220625151708-768x1024.jpg 768w, https:\/\/matterhorn-home.ch\/wp-content\/uploads\/2024\/07\/20220625151708-1152x1536.jpg 1152w, https:\/\/matterhorn-home.ch\/wp-content\/uploads\/2024\/07\/20220625151708-1536x2048.jpg 1536w, https:\/\/matterhorn-home.ch\/wp-content\/uploads\/2024\/07\/20220625151708-529x705.jpg 529w, https:\/\/matterhorn-home.ch\/wp-content\/uploads\/2024\/07\/20220625151708-scaled.jpg 1920w\" data-sizes=\"(max-width: 810px) 100vw, 810px\"  aria-label=\"image 20220625151708\"  id='av-masonry-1-item-2736' data-av-masonry-item='2736' class='av-masonry-entry isotope-item post-2736 attachment type-attachment status-inherit hentry  av-masonry-item-with-image' title=\"20220625151708\" alt=\"Riffelalp - Gornergletscher\"    itemprop=\"thumbnailUrl\" ><div class='av-inner-masonry-sizer'><\/div><figure class='av-inner-masonry main_color'><div class=\"av-masonry-outerimage-container\"><div class='av-masonry-image-container' style=\"background-image: url(https:\/\/matterhorn-home.ch\/wp-content\/uploads\/2024\/07\/20220625151708-529x705.jpg);\"  title=\"20220625151708\" ><\/div><\/div><\/figure><\/a><!--end av-masonry entry--><a href=\"https:\/\/matterhorn-home.ch\/wp-content\/uploads\/2024\/07\/EH-u-Andrea-20-1440x1080.jpg\" data-srcset=\"https:\/\/matterhorn-home.ch\/wp-content\/uploads\/2024\/07\/EH-u-Andrea-20-1440x1080.jpg 1440w, https:\/\/matterhorn-home.ch\/wp-content\/uploads\/2024\/07\/EH-u-Andrea-20-1024x768.jpg 1024w, https:\/\/matterhorn-home.ch\/wp-content\/uploads\/2024\/07\/EH-u-Andrea-20-768x576.jpg 768w, https:\/\/matterhorn-home.ch\/wp-content\/uploads\/2024\/07\/EH-u-Andrea-20-1536x1152.jpg 1536w, https:\/\/matterhorn-home.ch\/wp-content\/uploads\/2024\/07\/EH-u-Andrea-20-2048x1536.jpg 2048w, https:\/\/matterhorn-home.ch\/wp-content\/uploads\/2024\/07\/EH-u-Andrea-20-705x529.jpg 705w\" data-sizes=\"(max-width: 1440px) 100vw, 1440px\"  aria-label=\"image EH u Andrea (20)\"  id='av-masonry-1-item-2738' data-av-masonry-item='2738' class='av-masonry-entry isotope-item post-2738 attachment type-attachment status-inherit hentry  av-masonry-item-with-image' title=\"EH u Andrea (20)\" alt=\"IM Garten vom Haus Vira\"    itemprop=\"thumbnailUrl\" ><div class='av-inner-masonry-sizer'><\/div><figure class='av-inner-masonry main_color'><div class=\"av-masonry-outerimage-container\"><div class='av-masonry-image-container' style=\"background-image: url(https:\/\/matterhorn-home.ch\/wp-content\/uploads\/2024\/07\/EH-u-Andrea-20-705x529.jpg);\"  title=\"EH u Andrea (20)\" ><\/div><\/div><\/figure><\/a><!--end av-masonry entry--><a href=\"https:\/\/matterhorn-home.ch\/wp-content\/uploads\/2025\/08\/IMG_7832-1440x1080.jpg\" data-srcset=\"https:\/\/matterhorn-home.ch\/wp-content\/uploads\/2025\/08\/IMG_7832-1440x1080.jpg 1440w, https:\/\/matterhorn-home.ch\/wp-content\/uploads\/2025\/08\/IMG_7832-1024x768.jpg 1024w, https:\/\/matterhorn-home.ch\/wp-content\/uploads\/2025\/08\/IMG_7832-768x576.jpg 768w, https:\/\/matterhorn-home.ch\/wp-content\/uploads\/2025\/08\/IMG_7832-1536x1152.jpg 1536w, https:\/\/matterhorn-home.ch\/wp-content\/uploads\/2025\/08\/IMG_7832-2048x1536.jpg 2048w, https:\/\/matterhorn-home.ch\/wp-content\/uploads\/2025\/08\/IMG_7832-705x529.jpg 705w\" data-sizes=\"(max-width: 1440px) 100vw, 1440px\"  aria-label=\"image IMG_7832\"  id='av-masonry-1-item-4207' data-av-masonry-item='4207' class='av-masonry-entry isotope-item post-4207 attachment type-attachment status-inherit hentry  av-masonry-item-with-image' title=\"IMG_7832\" alt=\"Moderne Ferienwohnung mit Blick auf das Matterhorn in Zermatt, ideal f\u00fcr Skiurlaub und Wandern, mit komfortabler Ausstattung und Panoramablick auf die Schweizer Alpen.\"    itemprop=\"thumbnailUrl\" ><div class='av-inner-masonry-sizer'><\/div><figure class='av-inner-masonry main_color'><div class=\"av-masonry-outerimage-container\"><div class='av-masonry-image-container' style=\"background-image: url(https:\/\/matterhorn-home.ch\/wp-content\/uploads\/2025\/08\/IMG_7832-705x529.jpg);\"  title=\"IMG_7832\" ><\/div><\/div><\/figure><\/a><!--end av-masonry entry--><a href=\"https:\/\/matterhorn-home.ch\/wp-content\/uploads\/2025\/08\/IMG_7954-810x1080.jpg\" data-srcset=\"https:\/\/matterhorn-home.ch\/wp-content\/uploads\/2025\/08\/IMG_7954-810x1080.jpg 810w, https:\/\/matterhorn-home.ch\/wp-content\/uploads\/2025\/08\/IMG_7954-576x768.jpg 576w, https:\/\/matterhorn-home.ch\/wp-content\/uploads\/2025\/08\/IMG_7954-768x1024.jpg 768w, https:\/\/matterhorn-home.ch\/wp-content\/uploads\/2025\/08\/IMG_7954-1152x1536.jpg 1152w, https:\/\/matterhorn-home.ch\/wp-content\/uploads\/2025\/08\/IMG_7954-1536x2048.jpg 1536w, https:\/\/matterhorn-home.ch\/wp-content\/uploads\/2025\/08\/IMG_7954-529x705.jpg 529w, https:\/\/matterhorn-home.ch\/wp-content\/uploads\/2025\/08\/IMG_7954-scaled.jpg 1920w\" data-sizes=\"(max-width: 810px) 100vw, 810px\"  aria-label=\"image IMG_7954\"  id='av-masonry-1-item-4212' data-av-masonry-item='4212' class='av-masonry-entry isotope-item post-4212 attachment type-attachment status-inherit hentry  av-masonry-item-with-image' title=\"IMG_7954\" alt=\"Golfcarts auf dem Golfplatz bei Matterhorn Home Apartments, ideal f\u00fcr G\u00e4ste, die den Golfurlaub in Madeira genie\u00dfen, mit komfortabler Umgebung und malerischem Blick auf die umliegende Natur.\"    itemprop=\"thumbnailUrl\" ><div class='av-inner-masonry-sizer'><\/div><figure class='av-inner-masonry main_color'><div class=\"av-masonry-outerimage-container\"><div class='av-masonry-image-container' style=\"background-image: url(https:\/\/matterhorn-home.ch\/wp-content\/uploads\/2025\/08\/IMG_7954-529x705.jpg);\"  title=\"IMG_7954\" ><\/div><\/div><\/figure><\/a><!--end av-masonry entry--><\/div><\/div>\n<div id='gutzuwissen'  class='avia-section av-lnx4q31q-fe02d497c0eacb95d77b4e4c9f0dda71 alternate_color avia-section-default avia-shadow  avia-builder-el-8  el_after_av_masonry_gallery  el_before_av_layout_row  avia-bg-style-scroll container_wrap fullsize'  ><div class='container av-section-cont-open' ><div class='template-page content  av-content-full alpha units'><div class='post-entry post-entry-type-page post-entry-1157'><div class='entry-content-wrapper clearfix'>\n\n<style type=\"text\/css\" data-created_by=\"avia_inline_auto\" id=\"style-css-av-2mnu-2ae83a1785518f5c240d25567645d854\">\n.flex_column.av-2mnu-2ae83a1785518f5c240d25567645d854{\nborder-radius:0px 0px 0px 0px;\npadding:0px 0px 0px 0px;\n}\n<\/style>\n<div  class='flex_column av-2mnu-2ae83a1785518f5c240d25567645d854 av_one_full  avia-builder-el-9  avia-builder-el-no-sibling  first flex_column_div av-zero-column-padding  '     ><p>\n<style type=\"text\/css\" data-created_by=\"avia_inline_auto\" id=\"style-css-av-lnx5brtl-897dc3ec98b207b8fcc46e9e72f14515\">\n#top .hr.hr-invisible.av-lnx5brtl-897dc3ec98b207b8fcc46e9e72f14515{\nheight:70px;\n}\n<\/style>\n<div  class='hr av-lnx5brtl-897dc3ec98b207b8fcc46e9e72f14515 hr-invisible  avia-builder-el-10  el_before_av_textblock  avia-builder-el-first '><span class='hr-inner '><span class=\"hr-inner-style\"><\/span><\/span><\/div><br \/>\n<section  class='av_textblock_section av-lnx52hnm-adad400a5484f0539c2a83364350dafb '   itemscope=\"itemscope\" itemtype=\"https:\/\/schema.org\/CreativeWork\" ><div class='avia_textblock'  itemprop=\"text\" ><h4 style=\"text-align: center;\">Guest Service<\/h4>\n<h2 class=\"HeadingBlue\" style=\"text-align: center;\">Good to know<\/h2>\n<\/div><\/section><br \/>\n\n<style type=\"text\/css\" data-created_by=\"avia_inline_auto\" id=\"style-css-av-ok62-aa1433b4cd1521594b561f4a7840d894\">\n#top .hr.av-ok62-aa1433b4cd1521594b561f4a7840d894{\nmargin-top:0px;\nmargin-bottom:15px;\n}\n.hr.av-ok62-aa1433b4cd1521594b561f4a7840d894 .hr-inner{\nwidth:100px;\nborder-color:#b39548;\nmax-width:45%;\n}\n.hr.av-ok62-aa1433b4cd1521594b561f4a7840d894 .av-seperator-icon{\ncolor:#b39548;\n}\n.hr.av-ok62-aa1433b4cd1521594b561f4a7840d894 .av-seperator-icon.avia-svg-icon svg:first-child{\nfill:#b39548;\nstroke:#b39548;\n}\n<\/style>\n<div  class='hr av-ok62-aa1433b4cd1521594b561f4a7840d894 hr-custom  avia-builder-el-12  el_after_av_textblock  el_before_av_textblock  hr-center hr-icon-yes'><span class='hr-inner inner-border-av-border-thin'><span class=\"hr-inner-style\"><\/span><\/span><span class='av-seperator-icon avia-iconfont avia-font-entypo-fontello' data-av_icon='\ue89a' data-av_iconfont='entypo-fontello' ><\/span><span class='hr-inner inner-border-av-border-thin'><span class=\"hr-inner-style\"><\/span><\/span><\/div><br \/>\n<section  class='av_textblock_section av-67ha2-60f7499322a9e91b1b3f73e27d5fa757 '   itemscope=\"itemscope\" itemtype=\"https:\/\/schema.org\/CreativeWork\" ><div class='avia_textblock'  itemprop=\"text\" ><p style=\"text-align: center;\">When you are with us, we will be happy to deal with your questions personally. However, we have already put together a few important things for you. If you have any further questions, we are always here for you.<\/p>\n<\/div><\/section><\/p><\/div>\n\n<\/div><\/div><\/div><!-- close content main div --><\/div><\/div><div id='av-layout-grid-1'  class='av-layout-grid-container av-4cs9y-2311ff835bc61844f728120ba9b31e8c entry-content-wrapper alternate_color av-flex-cells  avia-builder-el-14  el_after_av_section  el_before_av_layout_row  av-grid-order-reverse grid-row-not-first  container_wrap fullsize'  >\n\n<style type=\"text\/css\" data-created_by=\"avia_inline_auto\" id=\"style-css-av-3qzbm-89a8aa19952a15d785f3fcde495f635f\">\n.flex_cell.av-3qzbm-89a8aa19952a15d785f3fcde495f635f{\nvertical-align:middle;\n}\n<\/style>\n<div class='flex_cell av-3qzbm-89a8aa19952a15d785f3fcde495f635f av-gridrow-cell av_one_third no_margin  avia-builder-el-15  el_before_av_cell_two_third  avia-builder-el-first  content-align-middle'  ><div class='flex_cell_inner'><div class='flex_column_table av-dmf5m-dc5e1711c84d98e02f5d14433bf10eb2 sc-av_one_full av-equal-height-column-flextable'><div  class='flex_column av-dmf5m-dc5e1711c84d98e02f5d14433bf10eb2 av_one_full  avia-builder-el-16  avia-builder-el-no-sibling  first flex_column_table_cell av-equal-height-column av-align-middle  '     ><style type=\"text\/css\" data-created_by=\"avia_inline_auto\" id=\"style-css-av-lnyejtau-34744da18f927973c3ed95a616847251\">\n.avia-image-container.av-lnyejtau-34744da18f927973c3ed95a616847251 img.avia_image{\nbox-shadow:none;\n}\n.avia-image-container.av-lnyejtau-34744da18f927973c3ed95a616847251 .av-image-caption-overlay-center{\ncolor:#ffffff;\n}\n<\/style>\n<div  class='avia-image-container av-lnyejtau-34744da18f927973c3ed95a616847251 av-styling- avia_animated_image av-animated-when-visible-95 top-to-bottom avia-align-center  avia-builder-el-17  avia-builder-el-no-sibling '   itemprop=\"image\" itemscope=\"itemscope\" itemtype=\"https:\/\/schema.org\/ImageObject\" ><div class=\"avia-image-container-inner\"><div class=\"avia-image-overlay-wrap\"><img alt=\"\" decoding=\"async\" alt=\"\" fetchpriority=\"high\" class='wp-image-679 avia-img-lazy-loading-not-679 avia_image ' src=\"https:\/\/matterhorn-home.ch\/wp-content\/uploads\/2023\/10\/IMG_6661-scaled-2-1024x768.jpg\" alt='' title='IMG_6661-scaled'  height=\"768\" width=\"1024\"  itemprop=\"thumbnailUrl\" srcset=\"https:\/\/matterhorn-home.ch\/wp-content\/uploads\/2023\/10\/IMG_6661-scaled-2-1024x768.jpg 1024w, https:\/\/matterhorn-home.ch\/wp-content\/uploads\/2023\/10\/IMG_6661-scaled-2-768x575.jpg 768w, https:\/\/matterhorn-home.ch\/wp-content\/uploads\/2023\/10\/IMG_6661-scaled-2-1442x1080.jpg 1442w, https:\/\/matterhorn-home.ch\/wp-content\/uploads\/2023\/10\/IMG_6661-scaled-2-1536x1151.jpg 1536w, https:\/\/matterhorn-home.ch\/wp-content\/uploads\/2023\/10\/IMG_6661-scaled-2-2048x1534.jpg 2048w, https:\/\/matterhorn-home.ch\/wp-content\/uploads\/2023\/10\/IMG_6661-scaled-2-705x528.jpg 705w\" sizes=\"(max-width: 1024px) 100vw, 1024px\" \/><\/div><\/div><\/div><\/div><\/div><!--close column table wrapper. Autoclose: 1 -->\n<\/div><\/div>\n<style type=\"text\/css\" data-created_by=\"avia_inline_auto\" id=\"style-css-av-2711q-fe8ede73a7a37c1b54ae4485a241f3c7\">\n.flex_cell.av-2711q-fe8ede73a7a37c1b54ae4485a241f3c7{\nvertical-align:middle;\n}\n.responsive #top #wrap_all .flex_cell.av-2711q-fe8ede73a7a37c1b54ae4485a241f3c7{\npadding:30px 30px 30px 30px !important;\n}\n<\/style>\n<div class='flex_cell av-2711q-fe8ede73a7a37c1b54ae4485a241f3c7 av-gridrow-cell av_two_third no_margin  avia-builder-el-18  el_after_av_cell_one_third  avia-builder-el-last  content-align-middle'  ><div class='flex_cell_inner'><div  class='flex_column av-cbpae-32fab854c46e5ef61701d029a051b196 av_one_full  avia-builder-el-19  avia-builder-el-no-sibling  first flex_column_div  '     ><section  class='av_textblock_section av-lnyelkox-b1cf949551bae3c35289724a0deec812 '   itemscope=\"itemscope\" itemtype=\"https:\/\/schema.org\/CreativeWork\" ><div class='avia_textblock'  itemprop=\"text\" ><h4 style=\"text-align: center;\">Information<\/h4>\n<h3 class=\"HeadingBlue\" style=\"text-align: center;\">Tourist office<\/h3>\n<\/div><\/section><br \/>\n\n<style type=\"text\/css\" data-created_by=\"avia_inline_auto\" id=\"style-css-av-ber0u-655b88ecc409a301420b52f09413e6ae\">\n#top .hr.av-ber0u-655b88ecc409a301420b52f09413e6ae{\nmargin-top:0px;\nmargin-bottom:15px;\n}\n.hr.av-ber0u-655b88ecc409a301420b52f09413e6ae .hr-inner{\nwidth:100px;\nborder-color:#b39548;\nmax-width:45%;\n}\n.hr.av-ber0u-655b88ecc409a301420b52f09413e6ae .av-seperator-icon{\ncolor:#b39548;\n}\n.hr.av-ber0u-655b88ecc409a301420b52f09413e6ae .av-seperator-icon.avia-svg-icon svg:first-child{\nfill:#b39548;\nstroke:#b39548;\n}\n<\/style>\n<div  class='hr av-ber0u-655b88ecc409a301420b52f09413e6ae hr-custom  avia-builder-el-21  el_after_av_textblock  el_before_av_textblock  hr-center hr-icon-yes'><span class='hr-inner inner-border-av-border-thin'><span class=\"hr-inner-style\"><\/span><\/span><span class='av-seperator-icon avia-iconfont avia-font-entypo-fontello' data-av_icon='\ue89a' data-av_iconfont='entypo-fontello' ><\/span><span class='hr-inner inner-border-av-border-thin'><span class=\"hr-inner-style\"><\/span><\/span><\/div><br \/>\n<section  class='av_textblock_section av-lnyem04t-7321c2dbb674a6be9a6a97a03c78375d '   itemscope=\"itemscope\" itemtype=\"https:\/\/schema.org\/CreativeWork\" ><div class='avia_textblock'  itemprop=\"text\" ><p style=\"text-align: center;\">The tourist office in Zermatt offers you comprehensive information about all events, offers and tourist infrastructure of Zermatt.<\/p>\n<\/div><\/section><br \/>\n<div  class='avia-button-wrap av-lnyenue6-6a4c1670d0bcbcfd70ed5b88a4e3baf0-wrap avia-button-center  avia-builder-el-23  el_after_av_textblock  avia-builder-el-last '><a href='https:\/\/www.zermatt.ch\/Media\/Attraktionen\/Tourismusbuero-Zermatt'  class='avia-button av-lnyenue6-6a4c1670d0bcbcfd70ed5b88a4e3baf0 av-link-btn avia-icon_select-no avia-size-small avia-position-center avia-color-theme-color'  target=\"_blank\"  rel=\"noopener noreferrer\"  aria-label=\"Tourist office\"><span class='avia_iconbox_title' >Tourist office<\/span><\/a><\/div><\/p><\/div>\n<\/div><\/div>\n<\/div>\n<div id='av-layout-grid-2'  class='av-layout-grid-container av-kp1q-2cc04e95de13afb14f9cc1710abec58f entry-content-wrapper alternate_color av-flex-cells  avia-builder-el-24  el_after_av_layout_row  el_before_av_layout_row  grid-row-not-first  container_wrap fullsize'  >\n\n<style type=\"text\/css\" data-created_by=\"avia_inline_auto\" id=\"style-css-av-596xy-cab278205d80e252b998d1d6b3e71bb7\">\n.flex_cell.av-596xy-cab278205d80e252b998d1d6b3e71bb7{\nvertical-align:middle;\n}\n<\/style>\n<div class='flex_cell av-596xy-cab278205d80e252b998d1d6b3e71bb7 av-gridrow-cell av_two_third no_margin  avia-builder-el-25  el_before_av_cell_one_third  avia-builder-el-first  content-align-middle'  ><div class='flex_cell_inner'><div  class='flex_column av-1c9ka-7394de6c7de1df937f303b2d5f890777 av_one_full  avia-builder-el-26  avia-builder-el-no-sibling  first flex_column_div  '     ><section  class='av_textblock_section av-lnx4dmle-6891d092d6d023856119bfcc9298a0b6 '   itemscope=\"itemscope\" itemtype=\"https:\/\/schema.org\/CreativeWork\" ><div class='avia_textblock'  itemprop=\"text\" ><h4 style=\"text-align: center;\">Sightseeing flights and heliskiing<\/h4>\n<h3 class=\"HeadingBlue\" style=\"text-align: center;\">Air Zermatt<\/h3>\n<\/div><\/section><br \/>\n\n<style type=\"text\/css\" data-created_by=\"avia_inline_auto\" id=\"style-css-av-10cmm-045df04d1e595563df4b957b8c5ce094\">\n#top .hr.av-10cmm-045df04d1e595563df4b957b8c5ce094{\nmargin-top:0px;\nmargin-bottom:15px;\n}\n.hr.av-10cmm-045df04d1e595563df4b957b8c5ce094 .hr-inner{\nwidth:100px;\nborder-color:#b39548;\nmax-width:45%;\n}\n.hr.av-10cmm-045df04d1e595563df4b957b8c5ce094 .av-seperator-icon{\ncolor:#b39548;\n}\n.hr.av-10cmm-045df04d1e595563df4b957b8c5ce094 .av-seperator-icon.avia-svg-icon svg:first-child{\nfill:#b39548;\nstroke:#b39548;\n}\n<\/style>\n<div  class='hr av-10cmm-045df04d1e595563df4b957b8c5ce094 hr-custom  avia-builder-el-28  el_after_av_textblock  el_before_av_textblock  hr-center hr-icon-yes'><span class='hr-inner inner-border-av-border-thin'><span class=\"hr-inner-style\"><\/span><\/span><span class='av-seperator-icon avia-iconfont avia-font-entypo-fontello' data-av_icon='\ue89a' data-av_iconfont='entypo-fontello' ><\/span><span class='hr-inner inner-border-av-border-thin'><span class=\"hr-inner-style\"><\/span><\/span><\/div><br \/>\n<section  class='av_textblock_section av-lnx4dvrd-17276b637584ea581ef27de9f31d5e44 '   itemscope=\"itemscope\" itemtype=\"https:\/\/schema.org\/CreativeWork\" ><div class='avia_textblock'  itemprop=\"text\" ><p style=\"text-align: center;\">Air Zermatt offers unique sightseeing flights into the mountain world of Zermatt. For example, you fly around the summit of the Matterhorn and take a look at the rugged glaciers around Monte Rosa, the highest mountain in Switzerland.<\/p>\n<\/div><\/section><br \/>\n<div  class='avia-button-wrap av-lnx4faij-7ff8b6e967002b089e0837d1ca5acf75-wrap avia-button-center  avia-builder-el-30  el_after_av_textblock  avia-builder-el-last '><a href='https:\/\/www.air-zermatt.ch\/'  class='avia-button av-lnx4faij-7ff8b6e967002b089e0837d1ca5acf75 av-link-btn avia-icon_select-no avia-size-small avia-position-center avia-color-theme-color'  target=\"_blank\"  rel=\"noopener noreferrer\"  aria-label=\"Visit Air Zermatt\"><span class='avia_iconbox_title' >Visit Air Zermatt<\/span><\/a><\/div><\/p><\/div>\n<\/div><\/div>\n<style type=\"text\/css\" data-created_by=\"avia_inline_auto\" id=\"style-css-av-3f58q-a8c1fa6370e98481a96c69c05ebc6dc8\">\n.flex_cell.av-3f58q-a8c1fa6370e98481a96c69c05ebc6dc8{\nvertical-align:middle;\n}\n.responsive #top #wrap_all .flex_cell.av-3f58q-a8c1fa6370e98481a96c69c05ebc6dc8{\npadding:30px 30px 30px 30px !important;\n}\n<\/style>\n<div class='flex_cell av-3f58q-a8c1fa6370e98481a96c69c05ebc6dc8 av-gridrow-cell av_one_third no_margin  avia-builder-el-31  el_after_av_cell_two_third  avia-builder-el-last  content-align-middle'  ><div class='flex_cell_inner'><div class='flex_column_table av-32k8e-4acec6a4520b23f152d06eab91dd2b9b sc-av_one_full av-equal-height-column-flextable'><div  class='flex_column av-32k8e-4acec6a4520b23f152d06eab91dd2b9b av_one_full  avia-builder-el-32  avia-builder-el-no-sibling  first flex_column_table_cell av-equal-height-column av-align-middle  '     ><style type=\"text\/css\" data-created_by=\"avia_inline_auto\" id=\"style-css-av-2omx6-2dfc2bea7b13b5d676b9b0a83adb4cc5\">\n.avia-image-container.av-2omx6-2dfc2bea7b13b5d676b9b0a83adb4cc5 img.avia_image{\nbox-shadow:none;\n}\n.avia-image-container.av-2omx6-2dfc2bea7b13b5d676b9b0a83adb4cc5 .av-image-caption-overlay-center{\ncolor:#ffffff;\n}\n<\/style>\n<div  class='avia-image-container av-2omx6-2dfc2bea7b13b5d676b9b0a83adb4cc5 av-styling- av-img-linked avia_animated_image av-animated-when-visible-95 top-to-bottom avia-align-center  avia-builder-el-33  avia-builder-el-no-sibling '   itemprop=\"image\" itemscope=\"itemscope\" itemtype=\"https:\/\/schema.org\/ImageObject\" ><div class=\"avia-image-container-inner\"><div class=\"avia-image-overlay-wrap\"><a href=\"https:\/\/https:\/\/matterhorn-home.ch\/wp-admin\/post.php?post=1157&amp;action=edit&amp;lang=en\" class='avia_image '  aria-label='AirZer4matt-1'><img alt=\"\" decoding=\"async\" alt=\"\" fetchpriority=\"high\" class='wp-image-395 avia-img-lazy-loading-not-395 avia_image ' src=\"https:\/\/matterhorn-home.ch\/wp-content\/uploads\/2023\/10\/AirZer4matt-1.jpg\" alt='' title='AirZer4matt-1'  height=\"315\" width=\"474\"  itemprop=\"thumbnailUrl\"  \/><\/a><\/div><\/div><\/div><\/div><\/div><!--close column table wrapper. Autoclose: 1 -->\n<\/div><\/div><\/div><div id='av-layout-grid-3'  class='av-layout-grid-container av-edqhm-3871969f8291c60398a8ef8da6299371 entry-content-wrapper alternate_color av-flex-cells  avia-builder-el-34  el_after_av_layout_row  el_before_av_layout_row  av-grid-order-reverse grid-row-not-first  container_wrap fullsize'  >\n\n<style type=\"text\/css\" data-created_by=\"avia_inline_auto\" id=\"style-css-av-dsd76-52bb813903c301c45e0cae778a6bc86c\">\n.flex_cell.av-dsd76-52bb813903c301c45e0cae778a6bc86c{\nvertical-align:middle;\n}\n<\/style>\n<div class='flex_cell av-dsd76-52bb813903c301c45e0cae778a6bc86c av-gridrow-cell av_one_third no_margin  avia-builder-el-35  el_before_av_cell_two_third  avia-builder-el-first  content-align-middle'  ><div class='flex_cell_inner'><div class='flex_column_table av-2xwhi-9865621712fe8a4bf34e007aa749d41f sc-av_one_full av-equal-height-column-flextable'><div  class='flex_column av-2xwhi-9865621712fe8a4bf34e007aa749d41f av_one_full  avia-builder-el-36  avia-builder-el-no-sibling  first flex_column_table_cell av-equal-height-column av-align-middle  '     ><style type=\"text\/css\" data-created_by=\"avia_inline_auto\" id=\"style-css-av-lnx4mvle-c80c7127ead433e85bfcf43869ff816a\">\n.avia-image-container.av-lnx4mvle-c80c7127ead433e85bfcf43869ff816a img.avia_image{\nbox-shadow:none;\n}\n.avia-image-container.av-lnx4mvle-c80c7127ead433e85bfcf43869ff816a .av-image-caption-overlay-center{\ncolor:#ffffff;\n}\n<\/style>\n<div  class='avia-image-container av-lnx4mvle-c80c7127ead433e85bfcf43869ff816a av-styling- avia_animated_image av-animated-when-visible-95 top-to-bottom avia-align-center  avia-builder-el-37  avia-builder-el-no-sibling '   itemprop=\"image\" itemscope=\"itemscope\" itemtype=\"https:\/\/schema.org\/ImageObject\" ><div class=\"avia-image-container-inner\"><div class=\"avia-image-overlay-wrap\"><img alt=\"\" decoding=\"async\" alt=\"\" fetchpriority=\"high\" class='wp-image-397 avia-img-lazy-loading-not-397 avia_image ' src=\"https:\/\/matterhorn-home.ch\/wp-content\/uploads\/2023\/10\/matterhorn-gornergrat-feature.jpg\" alt='' title='matterhorn-gornergrat-feature'  height=\"500\" width=\"800\"  itemprop=\"thumbnailUrl\" srcset=\"https:\/\/matterhorn-home.ch\/wp-content\/uploads\/2023\/10\/matterhorn-gornergrat-feature.jpg 800w, https:\/\/matterhorn-home.ch\/wp-content\/uploads\/2023\/10\/matterhorn-gornergrat-feature-768x480.jpg 768w, https:\/\/matterhorn-home.ch\/wp-content\/uploads\/2023\/10\/matterhorn-gornergrat-feature-705x441.jpg 705w\" sizes=\"(max-width: 800px) 100vw, 800px\" \/><\/div><\/div><\/div><\/div><\/div><!--close column table wrapper. Autoclose: 1 -->\n<\/div><\/div>\n<style type=\"text\/css\" data-created_by=\"avia_inline_auto\" id=\"style-css-av-1auy2-aef25b0065c93613cdea95c2bf819ed2\">\n.flex_cell.av-1auy2-aef25b0065c93613cdea95c2bf819ed2{\nvertical-align:middle;\n}\n.responsive #top #wrap_all .flex_cell.av-1auy2-aef25b0065c93613cdea95c2bf819ed2{\npadding:30px 30px 30px 30px !important;\n}\n<\/style>\n<div class='flex_cell av-1auy2-aef25b0065c93613cdea95c2bf819ed2 av-gridrow-cell av_two_third no_margin  avia-builder-el-38  el_after_av_cell_one_third  avia-builder-el-last  content-align-middle'  ><div class='flex_cell_inner'><div  class='flex_column av-4dtme-01394c31736c13fa345f32940a445f62 av_one_full  avia-builder-el-39  avia-builder-el-no-sibling  first flex_column_div  '     ><section  class='av_textblock_section av-lnx4nqci-828128d20618def24f8f3ec94a729bb8 '   itemscope=\"itemscope\" itemtype=\"https:\/\/schema.org\/CreativeWork\" ><div class='avia_textblock'  itemprop=\"text\" ><h4 style=\"text-align: center;\">The famous viewpoint<\/h4>\n<h3 class=\"HeadingBlue\" style=\"text-align: center;\">Gornergrat<\/h3>\n<\/div><\/section><br \/>\n\n<style type=\"text\/css\" data-created_by=\"avia_inline_auto\" id=\"style-css-av-45vqq-c639c1df490a798734f6e55d9dad14f4\">\n#top .hr.av-45vqq-c639c1df490a798734f6e55d9dad14f4{\nmargin-top:0px;\nmargin-bottom:15px;\n}\n.hr.av-45vqq-c639c1df490a798734f6e55d9dad14f4 .hr-inner{\nwidth:100px;\nborder-color:#b39548;\nmax-width:45%;\n}\n.hr.av-45vqq-c639c1df490a798734f6e55d9dad14f4 .av-seperator-icon{\ncolor:#b39548;\n}\n.hr.av-45vqq-c639c1df490a798734f6e55d9dad14f4 .av-seperator-icon.avia-svg-icon svg:first-child{\nfill:#b39548;\nstroke:#b39548;\n}\n<\/style>\n<div  class='hr av-45vqq-c639c1df490a798734f6e55d9dad14f4 hr-custom  avia-builder-el-41  el_after_av_textblock  el_before_av_textblock  hr-center hr-icon-yes'><span class='hr-inner inner-border-av-border-thin'><span class=\"hr-inner-style\"><\/span><\/span><span class='av-seperator-icon avia-iconfont avia-font-entypo-fontello' data-av_icon='\ue89a' data-av_iconfont='entypo-fontello' ><\/span><span class='hr-inner inner-border-av-border-thin'><span class=\"hr-inner-style\"><\/span><\/span><\/div><br \/>\n<section  class='av_textblock_section av-lnx4nxlr-a36957f4f1dfeff79921b41d7cb793ad '   itemscope=\"itemscope\" itemtype=\"https:\/\/schema.org\/CreativeWork\" ><div class='avia_textblock'  itemprop=\"text\" ><p style=\"text-align: center;\">A trip up the Gornergrat is part of every Zermatt visit. Experience the mountain world from one of the most attractive cable cars in the world. Combine culinary and sports activities.<\/p>\n<\/div><\/section><br \/>\n<div  class='avia-button-wrap av-lnx4og3s-b72b6ac97e6b2de8ff9519d9da85fff8-wrap avia-button-center  avia-builder-el-43  el_after_av_textblock  avia-builder-el-last '><a href='https:\/\/www.gornergrat.ch\/'  class='avia-button av-lnx4og3s-b72b6ac97e6b2de8ff9519d9da85fff8 av-link-btn avia-icon_select-no avia-size-small avia-position-center avia-color-theme-color'  target=\"_blank\"  rel=\"noopener noreferrer\"  aria-label=\"Visit Gornergrat Railway\"><span class='avia_iconbox_title' >Visit Gornergrat Railway<\/span><\/a><\/div><\/p><\/div>\n<\/div><\/div>\n<\/div><\/p>\n<div id='av-layout-grid-4'  class='av-layout-grid-container av-b8pfi-d73e9c07073730fdf283b8d802842e6e entry-content-wrapper alternate_color av-flex-cells  avia-builder-el-44  el_after_av_layout_row  el_before_av_layout_row  grid-row-not-first  container_wrap fullsize'  >\n\n<style type=\"text\/css\" data-created_by=\"avia_inline_auto\" id=\"style-css-av-ao6ru-f31a7f3154f80e4468f68561f94c93c0\">\n.flex_cell.av-ao6ru-f31a7f3154f80e4468f68561f94c93c0{\nvertical-align:middle;\n}\n<\/style>\n<div class='flex_cell av-ao6ru-f31a7f3154f80e4468f68561f94c93c0 av-gridrow-cell av_two_third no_margin  avia-builder-el-45  el_before_av_cell_one_third  avia-builder-el-first  content-align-middle'  ><div class='flex_cell_inner'><div  class='flex_column av-9m1be-ae053adabbd032ffcabcdfecd44aeb2a av_one_full  avia-builder-el-46  avia-builder-el-no-sibling  first flex_column_div  '     ><section  class='av_textblock_section av-lnyet6jy-df24c718cdebe1536e63b98478f1349d '   itemscope=\"itemscope\" itemtype=\"https:\/\/schema.org\/CreativeWork\" ><div class='avia_textblock'  itemprop=\"text\" ><h4 style=\"text-align: center;\">Ski and hiking paradise<\/h4>\n<h3 class=\"HeadingBlue\" style=\"text-align: center;\">Zermatt mountain railways<\/h3>\n<\/div><\/section><br \/>\n\n<style type=\"text\/css\" data-created_by=\"avia_inline_auto\" id=\"style-css-av-906wa-9503c38923835c626e304b52f8f2c4a6\">\n#top .hr.av-906wa-9503c38923835c626e304b52f8f2c4a6{\nmargin-top:0px;\nmargin-bottom:15px;\n}\n.hr.av-906wa-9503c38923835c626e304b52f8f2c4a6 .hr-inner{\nwidth:100px;\nborder-color:#b39548;\nmax-width:45%;\n}\n.hr.av-906wa-9503c38923835c626e304b52f8f2c4a6 .av-seperator-icon{\ncolor:#b39548;\n}\n.hr.av-906wa-9503c38923835c626e304b52f8f2c4a6 .av-seperator-icon.avia-svg-icon svg:first-child{\nfill:#b39548;\nstroke:#b39548;\n}\n<\/style>\n<div  class='hr av-906wa-9503c38923835c626e304b52f8f2c4a6 hr-custom  avia-builder-el-48  el_after_av_textblock  el_before_av_textblock  hr-center hr-icon-yes'><span class='hr-inner inner-border-av-border-thin'><span class=\"hr-inner-style\"><\/span><\/span><span class='av-seperator-icon avia-iconfont avia-font-entypo-fontello' data-av_icon='\ue89a' data-av_iconfont='entypo-fontello' ><\/span><span class='hr-inner inner-border-av-border-thin'><span class=\"hr-inner-style\"><\/span><\/span><\/div><br \/>\n<section  class='av_textblock_section av-lnyetisl-8cabb7305be65006f20d949f0f090dc8 '   itemscope=\"itemscope\" itemtype=\"https:\/\/schema.org\/CreativeWork\" ><div class='avia_textblock'  itemprop=\"text\" ><p style=\"text-align: center;\">The Zermatt mountain railroads offer the entire range of skiing in winter and in summer they provide access to the imposing vantage point &#8211; the Klein Matterhorn &#8211; and the Rothorn and Schwarzsee areas, which are interesting for hiking.<\/p>\n<\/div><\/section><br \/>\n<div  class='avia-button-wrap av-lnyeutcl-3b97003b93b21aa5874126409901a904-wrap avia-button-center  avia-builder-el-50  el_after_av_textblock  avia-builder-el-last '><a href='https:\/\/www.matterhornparadise.ch\/de\/erleben\/skifahren?gad=1&gclid=EAIaIQobChMI0dyZpqiEggMV_hYGAB1LzwXOEAAYASAAEgIXmfD_BwE'  class='avia-button av-lnyeutcl-3b97003b93b21aa5874126409901a904 av-link-btn avia-icon_select-no avia-size-small avia-position-center avia-color-theme-color'  target=\"_blank\"  rel=\"noopener noreferrer\"  aria-label=\"Visit Zermatt mountain railways\"><span class='avia_iconbox_title' >Visit Zermatt mountain railways<\/span><\/a><\/div><\/p><\/div>\n<\/div><\/div>\n<style type=\"text\/css\" data-created_by=\"avia_inline_auto\" id=\"style-css-av-8v4n6-083919e25c22fc6bc64d2b8049aed37e\">\n.flex_cell.av-8v4n6-083919e25c22fc6bc64d2b8049aed37e{\nvertical-align:middle;\n}\n.responsive #top #wrap_all .flex_cell.av-8v4n6-083919e25c22fc6bc64d2b8049aed37e{\npadding:30px 30px 30px 30px !important;\n}\n<\/style>\n<div class='flex_cell av-8v4n6-083919e25c22fc6bc64d2b8049aed37e av-gridrow-cell av_one_third no_margin  avia-builder-el-51  el_after_av_cell_two_third  avia-builder-el-last  content-align-middle'  ><div class='flex_cell_inner'><div class='flex_column_table av-809ri-711e36c8b7e94f878bc85ec8cff41a2a sc-av_one_full av-equal-height-column-flextable'><div  class='flex_column av-809ri-711e36c8b7e94f878bc85ec8cff41a2a av_one_full  avia-builder-el-52  avia-builder-el-no-sibling  first flex_column_table_cell av-equal-height-column av-align-middle  '     ><style type=\"text\/css\" data-created_by=\"avia_inline_auto\" id=\"style-css-av-lnyeq6e5-4f45859394306f137c5c2f6a499ebce9\">\n.avia-image-container.av-lnyeq6e5-4f45859394306f137c5c2f6a499ebce9 img.avia_image{\nbox-shadow:none;\n}\n.avia-image-container.av-lnyeq6e5-4f45859394306f137c5c2f6a499ebce9 .av-image-caption-overlay-center{\ncolor:#ffffff;\n}\n<\/style>\n<div  class='avia-image-container av-lnyeq6e5-4f45859394306f137c5c2f6a499ebce9 av-styling- avia_animated_image av-animated-when-visible-95 top-to-bottom avia-align-center  avia-builder-el-53  avia-builder-el-no-sibling '   itemprop=\"image\" itemscope=\"itemscope\" itemtype=\"https:\/\/schema.org\/ImageObject\" ><div class=\"avia-image-container-inner\"><div class=\"avia-image-overlay-wrap\"><img alt=\"\" decoding=\"async\" alt=\"\" fetchpriority=\"high\" class='wp-image-685 avia-img-lazy-loading-not-685 avia_image ' src=\"https:\/\/matterhorn-home.ch\/wp-content\/uploads\/2023\/10\/Matterhorn-glacier-paradise-hoechste-Pendelbahn-Europas_front_large-2.jpg\" alt='' title='Matterhorn-glacier-paradise-hoechste-Pendelbahn-Europas_front_large'  height=\"319\" width=\"480\"  itemprop=\"thumbnailUrl\"  \/><\/div><\/div><\/div><\/div><\/div><!--close column table wrapper. Autoclose: 1 -->\n<\/div><\/div>\n<\/div>\n<div id='av-layout-grid-5'  class='av-layout-grid-container av-7k9zq-63f2c3f7f8b0264be0a9d53fea95aa24 entry-content-wrapper alternate_color av-flex-cells  avia-builder-el-54  el_after_av_layout_row  el_before_av_layout_row  av-grid-order-reverse grid-row-not-first  container_wrap fullsize'  >\n\n<style type=\"text\/css\" data-created_by=\"avia_inline_auto\" id=\"style-css-av-6n3jq-e0138d8b147d1a205e3be6f317c7ac0d\">\n.flex_cell.av-6n3jq-e0138d8b147d1a205e3be6f317c7ac0d{\nvertical-align:middle;\n}\n<\/style>\n<div class='flex_cell av-6n3jq-e0138d8b147d1a205e3be6f317c7ac0d av-gridrow-cell av_one_third no_margin  avia-builder-el-55  el_before_av_cell_two_third  avia-builder-el-first  content-align-middle'  ><div class='flex_cell_inner'><div class='flex_column_table av-63m06-41acf7b0a588279479f658b66eeff2d2 sc-av_one_full av-equal-height-column-flextable'><div  class='flex_column av-63m06-41acf7b0a588279479f658b66eeff2d2 av_one_full  avia-builder-el-56  avia-builder-el-no-sibling  first flex_column_table_cell av-equal-height-column av-align-middle  '     ><style type=\"text\/css\" data-created_by=\"avia_inline_auto\" id=\"style-css-av-lnyf1qca-f1d1d3d94905ebf7cb24b6fd7c6eaeaa\">\n.avia-image-container.av-lnyf1qca-f1d1d3d94905ebf7cb24b6fd7c6eaeaa img.avia_image{\nbox-shadow:none;\n}\n.avia-image-container.av-lnyf1qca-f1d1d3d94905ebf7cb24b6fd7c6eaeaa .av-image-caption-overlay-center{\ncolor:#ffffff;\n}\n<\/style>\n<div  class='avia-image-container av-lnyf1qca-f1d1d3d94905ebf7cb24b6fd7c6eaeaa av-styling- avia_animated_image av-animated-when-visible-95 top-to-bottom avia-align-center  avia-builder-el-57  avia-builder-el-no-sibling '   itemprop=\"image\" itemscope=\"itemscope\" itemtype=\"https:\/\/schema.org\/ImageObject\" ><div class=\"avia-image-container-inner\"><div class=\"avia-image-overlay-wrap\"><img alt=\"\" decoding=\"async\" alt=\"\" fetchpriority=\"high\" class='wp-image-691 avia-img-lazy-loading-not-691 avia_image ' src=\"https:\/\/matterhorn-home.ch\/wp-content\/uploads\/2023\/10\/ZermattersHeader-1.webp\" alt='' title='ZermattersHeader'  height=\"547\" width=\"729\"  itemprop=\"thumbnailUrl\" srcset=\"https:\/\/matterhorn-home.ch\/wp-content\/uploads\/2023\/10\/ZermattersHeader-1.webp 729w, https:\/\/matterhorn-home.ch\/wp-content\/uploads\/2023\/10\/ZermattersHeader-1-705x529.webp 705w\" sizes=\"(max-width: 729px) 100vw, 729px\" \/><\/div><\/div><\/div><\/div><\/div><!--close column table wrapper. Autoclose: 1 -->\n<\/div><\/div>\n<style type=\"text\/css\" data-created_by=\"avia_inline_auto\" id=\"style-css-av-5jfm6-3e971eb8b10f939b65336a53721316ae\">\n.flex_cell.av-5jfm6-3e971eb8b10f939b65336a53721316ae{\nvertical-align:middle;\n}\n.responsive #top #wrap_all .flex_cell.av-5jfm6-3e971eb8b10f939b65336a53721316ae{\npadding:30px 30px 30px 30px !important;\n}\n<\/style>\n<div class='flex_cell av-5jfm6-3e971eb8b10f939b65336a53721316ae av-gridrow-cell av_two_third no_margin  avia-builder-el-58  el_after_av_cell_one_third  avia-builder-el-last  content-align-middle'  ><div class='flex_cell_inner'><div  class='flex_column av-4xnwa-afccd51d1d11221a50b45ef083864d1a av_one_full  avia-builder-el-59  avia-builder-el-no-sibling  first flex_column_div  '     ><section  class='av_textblock_section av-lnyf38v1-07c8683911d5a82777e9de03c2bb5230 '   itemscope=\"itemscope\" itemtype=\"https:\/\/schema.org\/CreativeWork\" ><div class='avia_textblock'  itemprop=\"text\" ><h4 style=\"text-align: center;\">Zermatt mountain railways<\/h4>\n<h3 class=\"HeadingBlue\" style=\"text-align: center;\">Zermatters<\/h3>\n<\/div><\/section><br \/>\n\n<style type=\"text\/css\" data-created_by=\"avia_inline_auto\" id=\"style-css-av-4grka-b23358231b848b3ec07bf97d34be0a62\">\n#top .hr.av-4grka-b23358231b848b3ec07bf97d34be0a62{\nmargin-top:0px;\nmargin-bottom:15px;\n}\n.hr.av-4grka-b23358231b848b3ec07bf97d34be0a62 .hr-inner{\nwidth:100px;\nborder-color:#b39548;\nmax-width:45%;\n}\n.hr.av-4grka-b23358231b848b3ec07bf97d34be0a62 .av-seperator-icon{\ncolor:#b39548;\n}\n.hr.av-4grka-b23358231b848b3ec07bf97d34be0a62 .av-seperator-icon.avia-svg-icon svg:first-child{\nfill:#b39548;\nstroke:#b39548;\n}\n<\/style>\n<div  class='hr av-4grka-b23358231b848b3ec07bf97d34be0a62 hr-custom  avia-builder-el-61  el_after_av_textblock  el_before_av_textblock  hr-center hr-icon-yes'><span class='hr-inner inner-border-av-border-thin'><span class=\"hr-inner-style\"><\/span><\/span><span class='av-seperator-icon avia-iconfont avia-font-entypo-fontello' data-av_icon='\ue89a' data-av_iconfont='entypo-fontello' ><\/span><span class='hr-inner inner-border-av-border-thin'><span class=\"hr-inner-style\"><\/span><\/span><\/div><br \/>\n<section  class='av_textblock_section av-lnyf3mae-58ed57e816cbca6a85dd498fa2cac91c '   itemscope=\"itemscope\" itemtype=\"https:\/\/schema.org\/CreativeWork\" ><div class='avia_textblock'  itemprop=\"text\" ><p style=\"text-align: center;\">Zermatters is the right place if you want to learn skiing or if you need an experienced guide for your ski excursions. You can also book a mountain guide for a ski tour, a mountain climb or simply a glacier hike.<\/p>\n<\/div><\/section><br \/>\n<div  class='avia-button-wrap av-lnyf61bb-156961554410f260b8eda63e68baf3b4-wrap avia-button-center  avia-builder-el-63  el_after_av_textblock  avia-builder-el-last '><a href='https:\/\/www.zermatters.ch\/'  class='avia-button av-lnyf61bb-156961554410f260b8eda63e68baf3b4 av-link-btn avia-icon_select-no avia-size-small avia-position-center avia-color-theme-color'  target=\"_blank\"  rel=\"noopener noreferrer\"  aria-label=\"Visit ski school\"><span class='avia_iconbox_title' >Visit ski school<\/span><\/a><\/div><\/p><\/div>\n<\/div><\/div>\n<\/div>\n<div id='av-layout-grid-6'  class='av-layout-grid-container av-3s0qu-e8ef79aebe7c77db786cf0e9f030feed entry-content-wrapper alternate_color av-flex-cells  avia-builder-el-64  el_after_av_layout_row  el_before_av_section  grid-row-not-first  container_wrap fullsize'  >\n\n<style type=\"text\/css\" data-created_by=\"avia_inline_auto\" id=\"style-css-av-33wja-d119183bbb26ca970f7b9485f9629c90\">\n.flex_cell.av-33wja-d119183bbb26ca970f7b9485f9629c90{\nvertical-align:middle;\n}\n<\/style>\n<div class='flex_cell av-33wja-d119183bbb26ca970f7b9485f9629c90 av-gridrow-cell av_two_third no_margin  avia-builder-el-65  el_before_av_cell_one_third  avia-builder-el-first  content-align-middle'  ><div class='flex_cell_inner'><div  class='flex_column av-2w14i-ee9f4d7322eabb02022f189a2d441f8a av_one_full  avia-builder-el-66  avia-builder-el-no-sibling  first flex_column_div  '     ><section  class='av_textblock_section av-lnyf9aum-ec285c1bb155da7a5e32a6eb9c8276b8 '   itemscope=\"itemscope\" itemtype=\"https:\/\/schema.org\/CreativeWork\" ><div class='avia_textblock'  itemprop=\"text\" ><h4 style=\"text-align: center;\">Car park<\/h4>\n<h3 class=\"HeadingBlue\" style=\"text-align: center;\">Matterhorn Terminal T\u00e4sch<\/h3>\n<\/div><\/section><br \/>\n\n<style type=\"text\/css\" data-created_by=\"avia_inline_auto\" id=\"style-css-av-243na-a82deaeca601eb712c32ca8752f594af\">\n#top .hr.av-243na-a82deaeca601eb712c32ca8752f594af{\nmargin-top:0px;\nmargin-bottom:15px;\n}\n.hr.av-243na-a82deaeca601eb712c32ca8752f594af .hr-inner{\nwidth:100px;\nborder-color:#b39548;\nmax-width:45%;\n}\n.hr.av-243na-a82deaeca601eb712c32ca8752f594af .av-seperator-icon{\ncolor:#b39548;\n}\n.hr.av-243na-a82deaeca601eb712c32ca8752f594af .av-seperator-icon.avia-svg-icon svg:first-child{\nfill:#b39548;\nstroke:#b39548;\n}\n<\/style>\n<div  class='hr av-243na-a82deaeca601eb712c32ca8752f594af hr-custom  avia-builder-el-68  el_after_av_textblock  el_before_av_textblock  hr-center hr-icon-yes'><span class='hr-inner inner-border-av-border-thin'><span class=\"hr-inner-style\"><\/span><\/span><span class='av-seperator-icon avia-iconfont avia-font-entypo-fontello' data-av_icon='\ue89a' data-av_iconfont='entypo-fontello' ><\/span><span class='hr-inner inner-border-av-border-thin'><span class=\"hr-inner-style\"><\/span><\/span><\/div><br \/>\n<section  class='av_textblock_section av-lnyfa2y7-d4be9667bffad7cd388215fe9b4078a6 '   itemscope=\"itemscope\" itemtype=\"https:\/\/schema.org\/CreativeWork\" ><div class='avia_textblock'  itemprop=\"text\" ><p style=\"text-align: center;\">The Matterhorn Terminal T\u00e4sch is the hub for motorists. The cars have to be parked in T\u00e4sch, here you change to the shuttle and travel comfortably by train to Zermatt. Alternative for the journey to Zermatt: Taxi service from T\u00e4sch.<\/p>\n<\/div><\/section><br \/>\n<div  class='avia-button-wrap av-lnyf76vr-b608a4d4e2a59a772761a74e5d45e3b4-wrap avia-button-center  avia-builder-el-70  el_after_av_textblock  avia-builder-el-last '><a href='https:\/\/www.zermatt.ch\/anreise\/Matterhorn-Terminal-Taesch'  class='avia-button av-lnyf76vr-b608a4d4e2a59a772761a74e5d45e3b4 av-link-btn avia-icon_select-no avia-size-small avia-position-center avia-color-theme-color'  target=\"_blank\"  rel=\"noopener noreferrer\"  aria-label=\"Visit Matterhorn Terminal\"><span class='avia_iconbox_title' >Visit Matterhorn Terminal<\/span><\/a><\/div><\/p><\/div>\n<\/div><\/div>\n<style type=\"text\/css\" data-created_by=\"avia_inline_auto\" id=\"style-css-av-1mu4a-37be5f750396a1195a0edbb2fe717602\">\n.flex_cell.av-1mu4a-37be5f750396a1195a0edbb2fe717602{\nvertical-align:middle;\n}\n.responsive #top #wrap_all .flex_cell.av-1mu4a-37be5f750396a1195a0edbb2fe717602{\npadding:30px 30px 30px 30px !important;\n}\n<\/style>\n<div class='flex_cell av-1mu4a-37be5f750396a1195a0edbb2fe717602 av-gridrow-cell av_one_third no_margin  avia-builder-el-71  el_after_av_cell_two_third  avia-builder-el-last  content-align-middle'  ><div class='flex_cell_inner'><div class='flex_column_table av-w8se-f8ba7a62d4b4a3239becc81b40162cc2 sc-av_one_full av-equal-height-column-flextable'><div  class='flex_column av-w8se-f8ba7a62d4b4a3239becc81b40162cc2 av_one_full  avia-builder-el-72  avia-builder-el-no-sibling  first flex_column_table_cell av-equal-height-column av-align-middle  '     ><style type=\"text\/css\" data-created_by=\"avia_inline_auto\" id=\"style-css-av-lo2kdyyf-b44075547e6881e4795fab330ac20a49\">\n.avia-image-container.av-lo2kdyyf-b44075547e6881e4795fab330ac20a49 img.avia_image{\nbox-shadow:none;\n}\n.avia-image-container.av-lo2kdyyf-b44075547e6881e4795fab330ac20a49 .av-image-caption-overlay-center{\ncolor:#ffffff;\n}\n<\/style>\n<div  class='avia-image-container av-lo2kdyyf-b44075547e6881e4795fab330ac20a49 av-styling- avia_animated_image av-animated-when-visible-95 top-to-bottom avia-align-center  avia-builder-el-73  avia-builder-el-no-sibling '   itemprop=\"image\" itemscope=\"itemscope\" itemtype=\"https:\/\/schema.org\/ImageObject\" ><div class=\"avia-image-container-inner\"><div class=\"avia-image-overlay-wrap\"><img alt=\"\" decoding=\"async\" alt=\"\" fetchpriority=\"high\" class='wp-image-1414 avia-img-lazy-loading-not-1414 avia_image ' src=\"https:\/\/matterhorn-home.ch\/wp-content\/uploads\/2023\/10\/Terminal-19_2_front_large.jpg\" alt='' title='Terminal-19_2_front_large'  height=\"533\" width=\"800\"  itemprop=\"thumbnailUrl\" srcset=\"https:\/\/matterhorn-home.ch\/wp-content\/uploads\/2023\/10\/Terminal-19_2_front_large.jpg 800w, https:\/\/matterhorn-home.ch\/wp-content\/uploads\/2023\/10\/Terminal-19_2_front_large-768x512.jpg 768w, https:\/\/matterhorn-home.ch\/wp-content\/uploads\/2023\/10\/Terminal-19_2_front_large-705x470.jpg 705w\" sizes=\"(max-width: 800px) 100vw, 800px\" \/><\/div><\/div><\/div><\/div><\/div><!--close column table wrapper. Autoclose: 1 -->\n<\/div><\/div>\n<\/div>\n<div id='wanderwege'  class='avia-section av-42fa6-bc85f2cab4af2d944812fb4a3cc6cf53 main_color avia-section-default avia-shadow  avia-builder-el-74  el_after_av_layout_row  el_before_av_section  avia-bg-style-scroll container_wrap fullsize'  ><div class='container av-section-cont-open' ><div class='template-page content  av-content-full alpha units'><div class='post-entry post-entry-type-page post-entry-1157'><div class='entry-content-wrapper clearfix'>\n<div  class='flex_column av-24ssu-f17e7973844d1b093d24c9f6694b7214 av_one_full  avia-builder-el-75  avia-builder-el-no-sibling  first flex_column_div  '     ><p>\n<style type=\"text\/css\" data-created_by=\"avia_inline_auto\" id=\"style-css-av-1q0uu-73f04c31cf6cffab15a5bb79b8f717bb\">\n#top .hr.hr-invisible.av-1q0uu-73f04c31cf6cffab15a5bb79b8f717bb{\nheight:70px;\n}\n<\/style>\n<div  class='hr av-1q0uu-73f04c31cf6cffab15a5bb79b8f717bb hr-invisible  avia-builder-el-76  el_before_av_textblock  avia-builder-el-first '><span class='hr-inner '><span class=\"hr-inner-style\"><\/span><\/span><\/div><br \/>\n<section  class='av_textblock_section av-mdahyajh-6607d5bbb817752c9f56620e8870b47f '   itemscope=\"itemscope\" itemtype=\"https:\/\/schema.org\/CreativeWork\" ><div class='avia_textblock'  itemprop=\"text\" ><h4 style=\"text-align: center;\"><\/h4>\n<h4 style=\"text-align: center;\">Hikes<\/h4>\n<h2><\/h2>\n<h3 style=\"text-align: center;\">Easy hikes directly from Haus Vira: the perfect start to the Zermatt hiking paradise<\/h3>\n<p style=\"text-align: center;\">\n<\/div><\/section><br \/>\n\n<style type=\"text\/css\" data-created_by=\"avia_inline_auto\" id=\"style-css-av-1176m-66a1da980f2978f6c6a8f40414bb9458\">\n#top .hr.av-1176m-66a1da980f2978f6c6a8f40414bb9458{\nmargin-top:0px;\nmargin-bottom:15px;\n}\n.hr.av-1176m-66a1da980f2978f6c6a8f40414bb9458 .hr-inner{\nwidth:100px;\nborder-color:#b39548;\nmax-width:45%;\n}\n.hr.av-1176m-66a1da980f2978f6c6a8f40414bb9458 .av-seperator-icon{\ncolor:#b39548;\n}\n.hr.av-1176m-66a1da980f2978f6c6a8f40414bb9458 .av-seperator-icon.avia-svg-icon svg:first-child{\nfill:#b39548;\nstroke:#b39548;\n}\n<\/style>\n<div  class='hr av-1176m-66a1da980f2978f6c6a8f40414bb9458 hr-custom  avia-builder-el-78  el_after_av_textblock  el_before_av_textblock  hr-center hr-icon-yes'><span class='hr-inner inner-border-av-border-thin'><span class=\"hr-inner-style\"><\/span><\/span><span class='av-seperator-icon avia-iconfont avia-font-entypo-fontello' data-av_icon='\ue89a' data-av_iconfont='entypo-fontello' ><\/span><span class='hr-inner inner-border-av-border-thin'><span class=\"hr-inner-style\"><\/span><\/span><\/div><br \/>\n<section  class='av_textblock_section av-mda8qqm0-0f7c1f61638e908f20586fa2b51ab819 '   itemscope=\"itemscope\" itemtype=\"https:\/\/schema.org\/CreativeWork\" ><div class='avia_textblock'  itemprop=\"text\" ><p>Here are five fantastic hiking options around Zermatt, designed to help you explore the stunning landscapes and charming hamlets!<\/p>\n<ol>\n<li><strong> Hike: Haus Vira &#8211; Moos &#8211; Blatten &#8211; Zum See &#8211; Furi &#8211; Schweigmatten &#8211; Haus Vira<\/strong><\/li>\n<\/ol>\n<p>This route takes you through picturesque hamlets and offers beautiful views, perfect for a leisurely half-day adventure.<\/p>\n<ul>\n<li><strong>Starting Point:<\/strong> Haus Vira (Winkelmatten, Zermatt)<\/li>\n<li><strong>Route:<\/strong> Start at <strong>Haus Vira<\/strong> and head towards <strong>Moos<\/strong>, continuing on to the traditional hamlet of <strong>Blatten<\/strong>. From Blatten, the path leads to the idyllic <strong>Zum See<\/strong>. Your journey then takes you to <strong>Furi<\/strong>, an important hub with a convenient cable car connection. From Furi, simply follow the path via <strong>Schweigmatten<\/strong> back towards Winkelmatten and <strong>Haus Vira<\/strong>.<\/li>\n<li><strong>Highlights:<\/strong> Discover authentic <strong>Valais houses<\/strong> in Blatten and Zum See, offering a glimpse into the region&#8217;s heritage.<\/li>\n<li><strong>Estimated Duration:<\/strong> Approximately <strong>2-3 hours<\/strong>, depending on your pace and how many scenic breaks you take.<\/li>\n<li><strong>Difficulty:<\/strong> <strong>Easy to Moderate<\/strong>, with a few gentle ascents to keep things interesting.<\/li>\n<li><strong>Dining Options:<\/strong>\n<ul>\n<li><strong>Zum See:<\/strong> Restaurant Zum See<\/li>\n<li><strong>Blatten:<\/strong> Restaurant Blatten<\/li>\n<li><strong>Furi:<\/strong> Various inviting restaurants and huts, such as Restaurant Furri.<\/li>\n<\/ul>\n<\/li>\n<\/ul>\n<ol start=\"2\">\n<li><strong> Hike: Haus Vira &#8211; Moos &#8211; Schweigmatten &#8211; Furi &#8211; Zmutt &#8211; Zermatt &#8211; Haus Vira<\/strong><\/li>\n<\/ol>\n<p>Embark on this longer hike to discover the historic and charming hamlet of Zmutt.<\/p>\n<ul>\n<li><strong>Starting Point:<\/strong> Haus Vira<\/li>\n<li><strong>Route:<\/strong> From <strong>Haus Vira<\/strong>, make your way through <strong>Moos<\/strong> and <strong>Schweigmatten<\/strong> to <strong>Furi<\/strong>. From Furi, a beautiful path ascends to the captivating hamlet of <strong>Zmutt<\/strong>, renowned for its traditional old wooden houses. After soaking in Zmutt&#8217;s unique atmosphere, hike back down to <strong>Zermatt<\/strong> and then continue to <strong>Haus Vira<\/strong>.<\/li>\n<li><strong>Highlights:<\/strong> The historic hamlet of <strong>Zmutt<\/strong> itself, showcasing fascinating traditional architecture.<\/li>\n<li><strong>Estimated Duration:<\/strong> Around <strong>3 hours<\/strong>.<\/li>\n<li><strong>Difficulty:<\/strong> <strong>Easy<\/strong>, making it accessible for most hikers.<\/li>\n<li><strong>Dining Options:<\/strong>\n<ul>\n<li><strong>Zmutt:<\/strong> Restaurant J\u00e4gerstube Zmutt and Restaurant D\u00f6rflein Zmutt, both offering delightful local fare.<\/li>\n<\/ul>\n<\/li>\n<\/ul>\n<ol start=\"3\">\n<li><strong> Hike: Haus Vira &#8211; Winkelmatten Chapel &#8211; Findeln (Dine in a restaurant in Findeln) &#8211; Zermatt<\/strong><\/li>\n<\/ol>\n<p>This is a true culinary hike, blending stunning views with exquisite dining experiences.<\/p>\n<ul>\n<li><strong>Starting Point:<\/strong> Haus Vira (Winkelmatten, Zermatt)<\/li>\n<li><strong>Route:<\/strong> Begin at <strong>Haus Vira<\/strong> and head to the charming, nearby <strong>Winkelmatten Chapel<\/strong>. From there, follow the clearly marked path towards <strong>Findeln<\/strong>. This small hamlet nestled above Zermatt is famed for its outstanding mountain restaurants and unforgettable panoramic views. After a delicious meal, you have the choice to either <strong>descend to Zermatt on foot<\/strong> or take the convenient <strong>Sunnegga cable car<\/strong> down to the village, returning to Haus Vira from there.<\/li>\n<li><strong>Highlights:<\/strong> The picturesque <strong>Winkelmatten Chapel<\/strong>, the gourmet restaurants in <strong>Findeln<\/strong>, and the breathtaking <strong>panoramic views<\/strong> of the Matterhorn and Zermatt.<\/li>\n<li><strong>Estimated Duration:<\/strong> Approximately <strong>1.5 hours to Findeln<\/strong> (one-way), depending on your chosen path and pace. Allow extra time to savour your meal!<\/li>\n<li><strong>Difficulty:<\/strong> <strong>Easy to Moderate<\/strong>, with a gentle uphill climb to reach Findeln.<\/li>\n<li><strong>Dining Options:<\/strong>\n<ul>\n<li><strong>Findeln:<\/strong> Restaurant Findlerhof, Enzian, Chez Vrony, and Paradis Adler \u2013 all highly recommended for their exquisite alpine cuisine and stunning vistas.<\/li>\n<\/ul>\n<\/li>\n<\/ul>\n<ol start=\"4\">\n<li><strong> Hike: Haus Vira &#8211; Zermatt &#8211; Herbrigg &#8211; Panoramic Trail &#8211; Zmutt &#8211; Furi &#8211; Zermatt<\/strong><\/li>\n<\/ol>\n<p>This engaging route combines the vibrant village life of Zermatt with a scenic panoramic trail and leads you through culturally rich areas.<\/p>\n<ul>\n<li><strong>Starting Point:<\/strong> Haus Vira (Winkelmatten, Zermatt)<\/li>\n<li><strong>Route:<\/strong> From <strong>Haus Vira<\/strong>, make your way into the bustling center of <strong>Zermatt<\/strong>. From Zermatt, the path leads via <strong>Herbrigg<\/strong> (known for one of Europe&#8217;s oldest barns!) onto the scenic <strong>Panoramic Trail<\/strong> towards <strong>Zmutt<\/strong>. This section offers truly beautiful views overlooking Zermatt. From Zmutt, continue to <strong>Furi<\/strong> and from there, head back towards Zermatt.<\/li>\n<li><strong>Highlights:<\/strong> Explore <strong>historic buildings<\/strong> in Zermatt and Zmutt, enjoy fantastic <strong>panoramic views<\/strong>, and gain cultural insights along the designated <strong>cultural trail<\/strong>.<\/li>\n<li><strong>Estimated Duration:<\/strong> <strong>3-4 hours<\/strong>, allowing for a comfortable pace and any breaks you might wish to take.<\/li>\n<li><strong>Difficulty:<\/strong> <strong>Moderate<\/strong>, offering a rewarding challenge.<\/li>\n<li><strong>Dining Options:<\/strong>\n<ul>\n<li><strong>Zmutt:<\/strong> Restaurant J\u00e4gerstube Zmutt, D\u00f6rflein Zmutt<\/li>\n<li><strong>Furi:<\/strong> Various delightful restaurants.<\/li>\n<li><strong>Zermatt:<\/strong> Countless dining options available throughout the village.<\/li>\n<\/ul>\n<\/li>\n<\/ul>\n<ol start=\"5\">\n<li><strong> Hike: Haus Vira &#8211; Winkelmatten Chapel &#8211; Towards Findeln &#8211; High Trail to Ried (Dine in a restaurant in Ried) &#8211; Zermatt<\/strong><\/li>\n<\/ol>\n<p>Here\u2019s another beautiful hike offering lovely views and a wonderful opportunity for a meal with a view.<\/p>\n<ul>\n<li><strong>Starting Point:<\/strong> Haus Vira<\/li>\n<li><strong>Route:<\/strong> From <strong>Haus Vira<\/strong>, walk to the <strong>Winkelmatten Chapel<\/strong>. From there, take the path in the direction of Findeln, but turn off <em>below<\/em> Findeln onto the <strong>High Trail<\/strong> that leads to the charming hamlet of <strong>Ried<\/strong> and then continues back down into the village of <strong>Zermatt<\/strong>.<\/li>\n<li><strong>Highlights:<\/strong> The serene <strong>Winkelmatten Chapel<\/strong> and inspiring <strong>views of the Matterhorn and Zermatt<\/strong> throughout your hike.<\/li>\n<li><strong>Estimated Duration:<\/strong> <strong>2-3 hours<\/strong> (one-way to Ried), plus time to enjoy your meal.<\/li>\n<li><strong>Difficulty:<\/strong> <strong>Easy to Moderate<\/strong>, making it an enjoyable walk for many.<\/li>\n<li><strong>Dining Options:<\/strong>\n<ul>\n<li><strong>Ried:<\/strong> Restaurant Chalet Ried, which boasts a diverse menu of Mediterranean, Asian, Swiss, and French cuisine, all served with a magnificent Matterhorn view.<\/li>\n<\/ul>\n<\/li>\n<\/ul>\n<h3 style=\"text-align: center;\">Which of these Zermatt adventures sounds most appealing for your next hike?<\/h3>\n<div id=\"gtx-trans\" style=\"position: absolute; left: -8px; top: 2835.73px;\">\n<div class=\"gtx-trans-icon\"><\/div>\n<\/div>\n<\/div><\/section><br \/>\n<div  class='avia-button-wrap av-mda91bb2-1b7d31bdad6b058e095d446c68b17f62-wrap avia-button-center  avia-builder-el-80  el_after_av_textblock  avia-builder-el-last '><a href='  https:\/\/zermatt.swiss\/aktivitaeten\/wandern-alpinismus\/wandern\/wandertouren?Place_Type__c=Themenweg&Tour_Type__c=Rundtour&Tour_Distance__c=1+-+5+km&searchTerm=nr.+4a'  class='avia-button av-mda91bb2-1b7d31bdad6b058e095d446c68b17f62 av-link-btn avia-icon_select-no avia-size-small avia-position-center avia-color-theme-color'  target=\"_blank\"  rel=\"noopener noreferrer\"  aria-label=\"Zermatt Tourismus -Wanderwege \"><span class='avia_iconbox_title' >Zermatt Tourismus -Wanderwege <\/span><\/a><\/div><\/p><\/div>\n\n<\/div><\/div><\/div><!-- close content main div --><\/div><\/div><div id='galerie'  class='avia-section av-mdcshtix-77670eafe1fa3b063e6bd755a74652d3 alternate_color avia-section-default avia-shadow  avia-builder-el-81  el_after_av_section  el_before_av_masonry_gallery  avia-bg-style-scroll container_wrap fullsize'  ><div class='container av-section-cont-open' ><div class='template-page content  av-content-full alpha units'><div class='post-entry post-entry-type-page post-entry-1157'><div class='entry-content-wrapper clearfix'>\n\n<style type=\"text\/css\" data-created_by=\"avia_inline_auto\" id=\"style-css-av-3alcq-50740a86993a4d948b649cca0a87ee0c\">\n.flex_column.av-3alcq-50740a86993a4d948b649cca0a87ee0c{\nborder-radius:0px 0px 0px 0px;\npadding:0px 0px 0px 0px;\n}\n<\/style>\n<div  class='flex_column av-3alcq-50740a86993a4d948b649cca0a87ee0c av_one_full  avia-builder-el-82  avia-builder-el-no-sibling  first flex_column_div av-zero-column-padding  '     ><p>\n<style type=\"text\/css\" data-created_by=\"avia_inline_auto\" id=\"style-css-av-2u5ri-2185280045b3cb41fad2b5618996808c\">\n#top .hr.hr-invisible.av-2u5ri-2185280045b3cb41fad2b5618996808c{\nheight:70px;\n}\n<\/style>\n<div  class='hr av-2u5ri-2185280045b3cb41fad2b5618996808c hr-invisible  avia-builder-el-83  el_before_av_textblock  avia-builder-el-first '><span class='hr-inner '><span class=\"hr-inner-style\"><\/span><\/span><\/div><br \/>\n<section  class='av_textblock_section av-2bqye-9e563f99c6e7ad7c42ae7819538a16a6 '   itemscope=\"itemscope\" itemtype=\"https:\/\/schema.org\/CreativeWork\" ><div class='avia_textblock'  itemprop=\"text\" ><h2 class=\"HeadingBlue\" style=\"text-align: center;\">Gallery<\/h2>\n<\/div><\/section><br \/>\n\n<style type=\"text\/css\" data-created_by=\"avia_inline_auto\" id=\"style-css-av-1l58m-b54609c3fe9961d6d3a9b7d60c3b9ed8\">\n#top .hr.av-1l58m-b54609c3fe9961d6d3a9b7d60c3b9ed8{\nmargin-top:0px;\nmargin-bottom:15px;\n}\n.hr.av-1l58m-b54609c3fe9961d6d3a9b7d60c3b9ed8 .hr-inner{\nwidth:100px;\nborder-color:#b39548;\nmax-width:45%;\n}\n.hr.av-1l58m-b54609c3fe9961d6d3a9b7d60c3b9ed8 .av-seperator-icon{\ncolor:#b39548;\n}\n.hr.av-1l58m-b54609c3fe9961d6d3a9b7d60c3b9ed8 .av-seperator-icon.avia-svg-icon svg:first-child{\nfill:#b39548;\nstroke:#b39548;\n}\n<\/style>\n<div  class='hr av-1l58m-b54609c3fe9961d6d3a9b7d60c3b9ed8 hr-custom  avia-builder-el-85  el_after_av_textblock  avia-builder-el-last  hr-center hr-icon-yes'><span class='hr-inner inner-border-av-border-thin'><span class=\"hr-inner-style\"><\/span><\/span><span class='av-seperator-icon avia-iconfont avia-font-entypo-fontello' data-av_icon='\ue89a' data-av_iconfont='entypo-fontello' ><\/span><span class='hr-inner inner-border-av-border-thin'><span class=\"hr-inner-style\"><\/span><\/span><\/div><\/p><\/div>\n\n<div id='av-masonry-2' class='av-masonry av-zkum-9308ca516a40385b72891cd6ea6c2cd8 noHover av-fixed-size av-1px-gap av-hover-overlay- av-masonry-animation-active av-masonry-col-flexible av-caption-always av-caption-style- av-masonry-gallery ' data-post_id=\"1157\"><div class=\"av-masonry-container isotope av-js-disabled\"><div class='av-masonry-entry isotope-item av-masonry-item-no-image '><\/div><a href=\"https:\/\/matterhorn-home.ch\/wp-content\/uploads\/2023\/10\/3-2-scaled-1-1667x1080.jpg\" data-srcset=\"https:\/\/matterhorn-home.ch\/wp-content\/uploads\/2023\/10\/3-2-scaled-1-1667x1080.jpg 1667w, https:\/\/matterhorn-home.ch\/wp-content\/uploads\/2023\/10\/3-2-scaled-1-1024x663.jpg 1024w, https:\/\/matterhorn-home.ch\/wp-content\/uploads\/2023\/10\/3-2-scaled-1-768x498.jpg 768w, https:\/\/matterhorn-home.ch\/wp-content\/uploads\/2023\/10\/3-2-scaled-1-1536x995.jpg 1536w, https:\/\/matterhorn-home.ch\/wp-content\/uploads\/2023\/10\/3-2-scaled-1-705x457.jpg 705w, https:\/\/matterhorn-home.ch\/wp-content\/uploads\/2023\/10\/3-2-scaled-1.jpg 1920w\" data-sizes=\"(max-width: 1500px) 100vw, 1500px\"  aria-label=\"image 3-2-scaled\"  id='av-masonry-2-item-720' data-av-masonry-item='720' class='av-masonry-entry isotope-item post-720 attachment type-attachment status-inherit hentry  av-masonry-item-with-image' title=\"3-2-scaled\" alt=\"Matterhorn von Riffelalp\"    itemprop=\"thumbnailUrl\" ><div class='av-inner-masonry-sizer'><\/div><figure class='av-inner-masonry main_color'><div class=\"av-masonry-outerimage-container\"><div class='av-masonry-image-container' style=\"background-image: url(https:\/\/matterhorn-home.ch\/wp-content\/uploads\/2023\/10\/3-2-scaled-1-705x457.jpg);\"  title=\"3-2-scaled\" ><\/div><\/div><\/figure><\/a><!--end av-masonry entry--><a href=\"https:\/\/matterhorn-home.ch\/wp-content\/uploads\/2023\/10\/DSC03846_Bildgrose-andern-scaled-1-1619x1080.jpg\" data-srcset=\"https:\/\/matterhorn-home.ch\/wp-content\/uploads\/2023\/10\/DSC03846_Bildgrose-andern-scaled-1-1619x1080.jpg 1619w, https:\/\/matterhorn-home.ch\/wp-content\/uploads\/2023\/10\/DSC03846_Bildgrose-andern-scaled-1-1024x683.jpg 1024w, https:\/\/matterhorn-home.ch\/wp-content\/uploads\/2023\/10\/DSC03846_Bildgrose-andern-scaled-1-768x512.jpg 768w, https:\/\/matterhorn-home.ch\/wp-content\/uploads\/2023\/10\/DSC03846_Bildgrose-andern-scaled-1-1536x1025.jpg 1536w, https:\/\/matterhorn-home.ch\/wp-content\/uploads\/2023\/10\/DSC03846_Bildgrose-andern-scaled-1-705x470.jpg 705w, https:\/\/matterhorn-home.ch\/wp-content\/uploads\/2023\/10\/DSC03846_Bildgrose-andern-scaled-1.jpg 1920w\" data-sizes=\"(max-width: 1500px) 100vw, 1500px\"  aria-label=\"image DSC03846_Bildgrose-andern-scaled\"  id='av-masonry-2-item-722' data-av-masonry-item='722' class='av-masonry-entry isotope-item post-722 attachment type-attachment status-inherit hentry  av-masonry-item-with-image' title=\"DSC03846_Bildgrose-andern-scaled\" alt=\"Matterhorn von Haus Vira\"    itemprop=\"thumbnailUrl\" ><div class='av-inner-masonry-sizer'><\/div><figure class='av-inner-masonry main_color'><div class=\"av-masonry-outerimage-container\"><div class='av-masonry-image-container' style=\"background-image: url(https:\/\/matterhorn-home.ch\/wp-content\/uploads\/2023\/10\/DSC03846_Bildgrose-andern-scaled-1-705x470.jpg);\"  title=\"DSC03846_Bildgrose-andern-scaled\" ><\/div><\/div><\/figure><\/a><!--end av-masonry entry--><a href=\"https:\/\/matterhorn-home.ch\/wp-content\/uploads\/2023\/10\/DSC03855_Bildgrose-andern-scaled-1-1619x1080.jpg\" data-srcset=\"https:\/\/matterhorn-home.ch\/wp-content\/uploads\/2023\/10\/DSC03855_Bildgrose-andern-scaled-1-1619x1080.jpg 1619w, https:\/\/matterhorn-home.ch\/wp-content\/uploads\/2023\/10\/DSC03855_Bildgrose-andern-scaled-1-1024x683.jpg 1024w, https:\/\/matterhorn-home.ch\/wp-content\/uploads\/2023\/10\/DSC03855_Bildgrose-andern-scaled-1-768x512.jpg 768w, https:\/\/matterhorn-home.ch\/wp-content\/uploads\/2023\/10\/DSC03855_Bildgrose-andern-scaled-1-1536x1025.jpg 1536w, https:\/\/matterhorn-home.ch\/wp-content\/uploads\/2023\/10\/DSC03855_Bildgrose-andern-scaled-1-705x470.jpg 705w, https:\/\/matterhorn-home.ch\/wp-content\/uploads\/2023\/10\/DSC03855_Bildgrose-andern-scaled-1.jpg 1920w\" data-sizes=\"(max-width: 1500px) 100vw, 1500px\"  aria-label=\"image DSC03855_Bildgrose-andern-scaled\"  id='av-masonry-2-item-724' data-av-masonry-item='724' class='av-masonry-entry isotope-item post-724 attachment type-attachment status-inherit hentry  av-masonry-item-with-image' title=\"DSC03855_Bildgrose-andern-scaled\" alt=\"Matterhorn von Haus Vira mit Blumen\"    itemprop=\"thumbnailUrl\" ><div class='av-inner-masonry-sizer'><\/div><figure class='av-inner-masonry main_color'><div class=\"av-masonry-outerimage-container\"><div class='av-masonry-image-container' style=\"background-image: url(https:\/\/matterhorn-home.ch\/wp-content\/uploads\/2023\/10\/DSC03855_Bildgrose-andern-scaled-1-705x470.jpg);\"  title=\"DSC03855_Bildgrose-andern-scaled\" ><\/div><\/div><\/figure><\/a><!--end av-masonry entry--><a href=\"https:\/\/matterhorn-home.ch\/wp-content\/uploads\/2023\/10\/DSC04696-scaled-1-1918x1080.jpg\" data-srcset=\"https:\/\/matterhorn-home.ch\/wp-content\/uploads\/2023\/10\/DSC04696-scaled-1-1918x1080.jpg 1918w, https:\/\/matterhorn-home.ch\/wp-content\/uploads\/2023\/10\/DSC04696-scaled-1-1024x577.jpg 1024w, https:\/\/matterhorn-home.ch\/wp-content\/uploads\/2023\/10\/DSC04696-scaled-1-768x432.jpg 768w, https:\/\/matterhorn-home.ch\/wp-content\/uploads\/2023\/10\/DSC04696-scaled-1-1536x865.jpg 1536w, https:\/\/matterhorn-home.ch\/wp-content\/uploads\/2023\/10\/DSC04696-scaled-1-705x397.jpg 705w, https:\/\/matterhorn-home.ch\/wp-content\/uploads\/2023\/10\/DSC04696-scaled-1.jpg 1920w\" data-sizes=\"(max-width: 1500px) 100vw, 1500px\"  aria-label=\"image DSC04696-scaled\"  id='av-masonry-2-item-726' data-av-masonry-item='726' class='av-masonry-entry isotope-item post-726 attachment type-attachment status-inherit hentry  av-masonry-item-with-image' title=\"DSC04696-scaled\" alt=\"Matterhorn am Abend\"    itemprop=\"thumbnailUrl\" ><div class='av-inner-masonry-sizer'><\/div><figure class='av-inner-masonry main_color'><div class=\"av-masonry-outerimage-container\"><div class='av-masonry-image-container' style=\"background-image: url(https:\/\/matterhorn-home.ch\/wp-content\/uploads\/2023\/10\/DSC04696-scaled-1-705x397.jpg);\"  title=\"DSC04696-scaled\" ><\/div><\/div><\/figure><\/a><!--end av-masonry entry--><a href=\"https:\/\/matterhorn-home.ch\/wp-content\/uploads\/2023\/10\/IMG_0272-2-scaled-1-1440x1080.jpg\" data-srcset=\"https:\/\/matterhorn-home.ch\/wp-content\/uploads\/2023\/10\/IMG_0272-2-scaled-1-1440x1080.jpg 1440w, https:\/\/matterhorn-home.ch\/wp-content\/uploads\/2023\/10\/IMG_0272-2-scaled-1-1024x768.jpg 1024w, https:\/\/matterhorn-home.ch\/wp-content\/uploads\/2023\/10\/IMG_0272-2-scaled-1-768x576.jpg 768w, https:\/\/matterhorn-home.ch\/wp-content\/uploads\/2023\/10\/IMG_0272-2-scaled-1-1536x1152.jpg 1536w, https:\/\/matterhorn-home.ch\/wp-content\/uploads\/2023\/10\/IMG_0272-2-scaled-1-705x529.jpg 705w, https:\/\/matterhorn-home.ch\/wp-content\/uploads\/2023\/10\/IMG_0272-2-scaled-1.jpg 1920w\" data-sizes=\"(max-width: 1440px) 100vw, 1440px\"  aria-label=\"image IMG_0272-2-scaled\"  id='av-masonry-2-item-728' data-av-masonry-item='728' class='av-masonry-entry isotope-item post-728 attachment type-attachment status-inherit hentry  av-masonry-item-with-image' title=\"IMG_0272-2-scaled\" alt=\"Matterhorn im Winter\"    itemprop=\"thumbnailUrl\" ><div class='av-inner-masonry-sizer'><\/div><figure class='av-inner-masonry main_color'><div class=\"av-masonry-outerimage-container\"><div class='av-masonry-image-container' style=\"background-image: url(https:\/\/matterhorn-home.ch\/wp-content\/uploads\/2023\/10\/IMG_0272-2-scaled-1-705x529.jpg);\"  title=\"IMG_0272-2-scaled\" ><\/div><\/div><\/figure><\/a><!--end av-masonry entry--><a href=\"https:\/\/matterhorn-home.ch\/wp-content\/uploads\/2023\/10\/Matterhorn-vom-Staffel-2-scaled-1-1376x1080.jpg\" data-srcset=\"https:\/\/matterhorn-home.ch\/wp-content\/uploads\/2023\/10\/Matterhorn-vom-Staffel-2-scaled-1-1376x1080.jpg 1376w, https:\/\/matterhorn-home.ch\/wp-content\/uploads\/2023\/10\/Matterhorn-vom-Staffel-2-scaled-1-978x768.jpg 978w, https:\/\/matterhorn-home.ch\/wp-content\/uploads\/2023\/10\/Matterhorn-vom-Staffel-2-scaled-1-768x603.jpg 768w, https:\/\/matterhorn-home.ch\/wp-content\/uploads\/2023\/10\/Matterhorn-vom-Staffel-2-scaled-1-1536x1206.jpg 1536w, https:\/\/matterhorn-home.ch\/wp-content\/uploads\/2023\/10\/Matterhorn-vom-Staffel-2-scaled-1-705x553.jpg 705w, https:\/\/matterhorn-home.ch\/wp-content\/uploads\/2023\/10\/Matterhorn-vom-Staffel-2-scaled-1.jpg 1920w\" data-sizes=\"(max-width: 1376px) 100vw, 1376px\"  aria-label=\"image Matterhorn-vom-Staffel-2-scaled\"  id='av-masonry-2-item-732' data-av-masonry-item='732' class='av-masonry-entry isotope-item post-732 attachment type-attachment status-inherit hentry  av-masonry-item-with-image' title=\"Matterhorn-vom-Staffel-2-scaled\" alt=\"Matterhorn von Stafelalp\"    itemprop=\"thumbnailUrl\" ><div class='av-inner-masonry-sizer'><\/div><figure class='av-inner-masonry main_color'><div class=\"av-masonry-outerimage-container\"><div class='av-masonry-image-container' style=\"background-image: url(https:\/\/matterhorn-home.ch\/wp-content\/uploads\/2023\/10\/Matterhorn-vom-Staffel-2-scaled-1-705x553.jpg);\"  title=\"Matterhorn-vom-Staffel-2-scaled\" ><\/div><\/div><\/figure><\/a><!--end av-masonry entry--><a href=\"https:\/\/matterhorn-home.ch\/wp-content\/uploads\/2023\/10\/Matt-im-Herbst30x15-2-scaled-1.jpg\"  aria-label=\"image Matt-im-Herbst30x15-2-scaled\"  id='av-masonry-2-item-734' data-av-masonry-item='734' class='av-masonry-entry isotope-item post-734 attachment type-attachment status-inherit hentry  av-masonry-item-with-image' title=\"Matt-im-Herbst30x15-2-scaled\" alt=\"Matterhorn von Riffelalp im Herbst\"    itemprop=\"thumbnailUrl\" ><div class='av-inner-masonry-sizer'><\/div><figure class='av-inner-masonry main_color'><div class=\"av-masonry-outerimage-container\"><div class='av-masonry-image-container' style=\"background-image: url(https:\/\/matterhorn-home.ch\/wp-content\/uploads\/2023\/10\/Matt-im-Herbst30x15-2-scaled-1.jpg);\"  title=\"Matt-im-Herbst30x15-2-scaled\" ><\/div><\/div><\/figure><\/a><!--end av-masonry entry--><a href=\"https:\/\/matterhorn-home.ch\/wp-content\/uploads\/2023\/10\/Studio-Milo-42-scaled-1-1440x1080.jpg\" data-srcset=\"https:\/\/matterhorn-home.ch\/wp-content\/uploads\/2023\/10\/Studio-Milo-42-scaled-1-1440x1080.jpg 1440w, https:\/\/matterhorn-home.ch\/wp-content\/uploads\/2023\/10\/Studio-Milo-42-scaled-1-1024x768.jpg 1024w, https:\/\/matterhorn-home.ch\/wp-content\/uploads\/2023\/10\/Studio-Milo-42-scaled-1-768x576.jpg 768w, https:\/\/matterhorn-home.ch\/wp-content\/uploads\/2023\/10\/Studio-Milo-42-scaled-1-1536x1152.jpg 1536w, https:\/\/matterhorn-home.ch\/wp-content\/uploads\/2023\/10\/Studio-Milo-42-scaled-1-2048x1536.jpg 2048w, https:\/\/matterhorn-home.ch\/wp-content\/uploads\/2023\/10\/Studio-Milo-42-scaled-1-705x529.jpg 705w\" data-sizes=\"(max-width: 1440px) 100vw, 1440px\"  aria-label=\"image Studio-Milo-42-scaled\"  id='av-masonry-2-item-738' data-av-masonry-item='738' class='av-masonry-entry isotope-item post-738 attachment type-attachment status-inherit hentry  av-masonry-item-with-image' title=\"Studio-Milo-42-scaled\" alt=\"Haus Milo\"    itemprop=\"thumbnailUrl\" ><div class='av-inner-masonry-sizer'><\/div><figure class='av-inner-masonry main_color'><div class=\"av-masonry-outerimage-container\"><div class='av-masonry-image-container' style=\"background-image: url(https:\/\/matterhorn-home.ch\/wp-content\/uploads\/2023\/10\/Studio-Milo-42-scaled-1-705x529.jpg);\"  title=\"Studio-Milo-42-scaled\" ><\/div><\/div><\/figure><\/a><!--end av-masonry entry--><a href=\"https:\/\/matterhorn-home.ch\/wp-content\/uploads\/2023\/11\/Matterhorn-Sonmnenaufgang-6-1917x1080.jpg\" data-srcset=\"https:\/\/matterhorn-home.ch\/wp-content\/uploads\/2023\/11\/Matterhorn-Sonmnenaufgang-6-1917x1080.jpg 1917w, https:\/\/matterhorn-home.ch\/wp-content\/uploads\/2023\/11\/Matterhorn-Sonmnenaufgang-6-1024x577.jpg 1024w, https:\/\/matterhorn-home.ch\/wp-content\/uploads\/2023\/11\/Matterhorn-Sonmnenaufgang-6-768x433.jpg 768w, https:\/\/matterhorn-home.ch\/wp-content\/uploads\/2023\/11\/Matterhorn-Sonmnenaufgang-6-1536x865.jpg 1536w, https:\/\/matterhorn-home.ch\/wp-content\/uploads\/2023\/11\/Matterhorn-Sonmnenaufgang-6-2048x1154.jpg 2048w, https:\/\/matterhorn-home.ch\/wp-content\/uploads\/2023\/11\/Matterhorn-Sonmnenaufgang-6-705x397.jpg 705w\" data-sizes=\"(max-width: 1500px) 100vw, 1500px\"  aria-label=\"image Matterhorn Sonmnenaufgang (6)\"  id='av-masonry-2-item-1748' data-av-masonry-item='1748' class='av-masonry-entry isotope-item post-1748 attachment type-attachment status-inherit hentry  av-masonry-item-with-image' title=\"Matterhorn Sonmnenaufgang (6)\" alt=\"Matterhorn am Morgen\"    itemprop=\"thumbnailUrl\" ><div class='av-inner-masonry-sizer'><\/div><figure class='av-inner-masonry main_color'><div class=\"av-masonry-outerimage-container\"><div class='av-masonry-image-container' style=\"background-image: url(https:\/\/matterhorn-home.ch\/wp-content\/uploads\/2023\/11\/Matterhorn-Sonmnenaufgang-6-705x397.jpg);\"  title=\"Matterhorn Sonmnenaufgang (6)\" ><\/div><\/div><\/figure><\/a><!--end av-masonry entry--><a href=\"https:\/\/matterhorn-home.ch\/wp-content\/uploads\/2023\/11\/Matterhorn-mit-Westwindwolke3-1620x1080.jpg\" data-srcset=\"https:\/\/matterhorn-home.ch\/wp-content\/uploads\/2023\/11\/Matterhorn-mit-Westwindwolke3-1620x1080.jpg 1620w, https:\/\/matterhorn-home.ch\/wp-content\/uploads\/2023\/11\/Matterhorn-mit-Westwindwolke3-1024x683.jpg 1024w, https:\/\/matterhorn-home.ch\/wp-content\/uploads\/2023\/11\/Matterhorn-mit-Westwindwolke3-768x512.jpg 768w, https:\/\/matterhorn-home.ch\/wp-content\/uploads\/2023\/11\/Matterhorn-mit-Westwindwolke3-1536x1024.jpg 1536w, https:\/\/matterhorn-home.ch\/wp-content\/uploads\/2023\/11\/Matterhorn-mit-Westwindwolke3-2048x1365.jpg 2048w, https:\/\/matterhorn-home.ch\/wp-content\/uploads\/2023\/11\/Matterhorn-mit-Westwindwolke3-705x470.jpg 705w\" data-sizes=\"(max-width: 1500px) 100vw, 1500px\"  aria-label=\"image Matterhorn mit Westwindwolke3\"  id='av-masonry-2-item-1750' data-av-masonry-item='1750' class='av-masonry-entry isotope-item post-1750 attachment type-attachment status-inherit hentry  av-masonry-item-with-image' title=\"Matterhorn mit Westwindwolke3\" alt=\"Matterhorn mit Wolken\"    itemprop=\"thumbnailUrl\" ><div class='av-inner-masonry-sizer'><\/div><figure class='av-inner-masonry main_color'><div class=\"av-masonry-outerimage-container\"><div class='av-masonry-image-container' style=\"background-image: url(https:\/\/matterhorn-home.ch\/wp-content\/uploads\/2023\/11\/Matterhorn-mit-Westwindwolke3-705x470.jpg);\"  title=\"Matterhorn mit Westwindwolke3\" ><\/div><\/div><\/figure><\/a><!--end av-masonry entry--><a href=\"https:\/\/matterhorn-home.ch\/wp-content\/uploads\/2023\/11\/Matterhorn-vom-Riffrel-1620x1080.jpg\" data-srcset=\"https:\/\/matterhorn-home.ch\/wp-content\/uploads\/2023\/11\/Matterhorn-vom-Riffrel-1620x1080.jpg 1620w, https:\/\/matterhorn-home.ch\/wp-content\/uploads\/2023\/11\/Matterhorn-vom-Riffrel-1024x683.jpg 1024w, https:\/\/matterhorn-home.ch\/wp-content\/uploads\/2023\/11\/Matterhorn-vom-Riffrel-768x512.jpg 768w, https:\/\/matterhorn-home.ch\/wp-content\/uploads\/2023\/11\/Matterhorn-vom-Riffrel-1536x1024.jpg 1536w, https:\/\/matterhorn-home.ch\/wp-content\/uploads\/2023\/11\/Matterhorn-vom-Riffrel-2048x1365.jpg 2048w, https:\/\/matterhorn-home.ch\/wp-content\/uploads\/2023\/11\/Matterhorn-vom-Riffrel-705x470.jpg 705w\" data-sizes=\"(max-width: 1500px) 100vw, 1500px\"  aria-label=\"image Matterhorn vom Riffrel\"  id='av-masonry-2-item-1752' data-av-masonry-item='1752' class='av-masonry-entry isotope-item post-1752 attachment type-attachment status-inherit hentry  av-masonry-item-with-image' title=\"Matterhorn vom Riffrel\" alt=\"Matterhorn von Riffel\"    itemprop=\"thumbnailUrl\" ><div class='av-inner-masonry-sizer'><\/div><figure class='av-inner-masonry main_color'><div class=\"av-masonry-outerimage-container\"><div class='av-masonry-image-container' style=\"background-image: url(https:\/\/matterhorn-home.ch\/wp-content\/uploads\/2023\/11\/Matterhorn-vom-Riffrel-705x470.jpg);\"  title=\"Matterhorn vom Riffrel\" ><\/div><\/div><\/figure><\/a><!--end av-masonry entry--><a href=\"https:\/\/matterhorn-home.ch\/wp-content\/uploads\/2023\/11\/Matterhorn-vom-Riffel-mit-Steinen-1639x1080.jpg\" data-srcset=\"https:\/\/matterhorn-home.ch\/wp-content\/uploads\/2023\/11\/Matterhorn-vom-Riffel-mit-Steinen-1639x1080.jpg 1639w, https:\/\/matterhorn-home.ch\/wp-content\/uploads\/2023\/11\/Matterhorn-vom-Riffel-mit-Steinen-1024x675.jpg 1024w, https:\/\/matterhorn-home.ch\/wp-content\/uploads\/2023\/11\/Matterhorn-vom-Riffel-mit-Steinen-768x506.jpg 768w, https:\/\/matterhorn-home.ch\/wp-content\/uploads\/2023\/11\/Matterhorn-vom-Riffel-mit-Steinen-1536x1012.jpg 1536w, https:\/\/matterhorn-home.ch\/wp-content\/uploads\/2023\/11\/Matterhorn-vom-Riffel-mit-Steinen-2048x1350.jpg 2048w, https:\/\/matterhorn-home.ch\/wp-content\/uploads\/2023\/11\/Matterhorn-vom-Riffel-mit-Steinen-705x465.jpg 705w\" data-sizes=\"(max-width: 1500px) 100vw, 1500px\"  aria-label=\"image Matterhorn vom Riffel mit Steinen\"  id='av-masonry-2-item-1754' data-av-masonry-item='1754' class='av-masonry-entry isotope-item post-1754 attachment type-attachment status-inherit hentry  av-masonry-item-with-image' title=\"Matterhorn vom Riffel mit Steinen\" alt=\"Matterhorn von Rotenboden\"    itemprop=\"thumbnailUrl\" ><div class='av-inner-masonry-sizer'><\/div><figure class='av-inner-masonry main_color'><div class=\"av-masonry-outerimage-container\"><div class='av-masonry-image-container' style=\"background-image: url(https:\/\/matterhorn-home.ch\/wp-content\/uploads\/2023\/11\/Matterhorn-vom-Riffel-mit-Steinen-705x465.jpg);\"  title=\"Matterhorn vom Riffel mit Steinen\" ><\/div><\/div><\/figure><\/a><!--end av-masonry entry--><a href=\"https:\/\/matterhorn-home.ch\/wp-content\/uploads\/2023\/11\/Matterhorn-von-Hohbalm-1629x1080.jpg\" data-srcset=\"https:\/\/matterhorn-home.ch\/wp-content\/uploads\/2023\/11\/Matterhorn-von-Hohbalm-1629x1080.jpg 1629w, https:\/\/matterhorn-home.ch\/wp-content\/uploads\/2023\/11\/Matterhorn-von-Hohbalm-1024x679.jpg 1024w, https:\/\/matterhorn-home.ch\/wp-content\/uploads\/2023\/11\/Matterhorn-von-Hohbalm-768x509.jpg 768w, https:\/\/matterhorn-home.ch\/wp-content\/uploads\/2023\/11\/Matterhorn-von-Hohbalm-1536x1018.jpg 1536w, https:\/\/matterhorn-home.ch\/wp-content\/uploads\/2023\/11\/Matterhorn-von-Hohbalm-2048x1358.jpg 2048w, https:\/\/matterhorn-home.ch\/wp-content\/uploads\/2023\/11\/Matterhorn-von-Hohbalm-705x467.jpg 705w\" data-sizes=\"(max-width: 1500px) 100vw, 1500px\"  aria-label=\"image Matterhorn von Hohbalm\"  id='av-masonry-2-item-1756' data-av-masonry-item='1756' class='av-masonry-entry isotope-item post-1756 attachment type-attachment status-inherit hentry  av-masonry-item-with-image' title=\"Matterhorn von Hohbalm\" alt=\"Matterhorn von Hohbalm\"    itemprop=\"thumbnailUrl\" ><div class='av-inner-masonry-sizer'><\/div><figure class='av-inner-masonry main_color'><div class=\"av-masonry-outerimage-container\"><div class='av-masonry-image-container' style=\"background-image: url(https:\/\/matterhorn-home.ch\/wp-content\/uploads\/2023\/11\/Matterhorn-von-Hohbalm-705x467.jpg);\"  title=\"Matterhorn von Hohbalm\" ><\/div><\/div><\/figure><\/a><!--end av-masonry entry--><a href=\"https:\/\/matterhorn-home.ch\/wp-content\/uploads\/2023\/11\/Matterhorn-vom-Riffelsee-717x1080.jpg\" data-srcset=\"https:\/\/matterhorn-home.ch\/wp-content\/uploads\/2023\/11\/Matterhorn-vom-Riffelsee-717x1080.jpg 717w, https:\/\/matterhorn-home.ch\/wp-content\/uploads\/2023\/11\/Matterhorn-vom-Riffelsee-510x768.jpg 510w, https:\/\/matterhorn-home.ch\/wp-content\/uploads\/2023\/11\/Matterhorn-vom-Riffelsee-768x1156.jpg 768w, https:\/\/matterhorn-home.ch\/wp-content\/uploads\/2023\/11\/Matterhorn-vom-Riffelsee-1020x1536.jpg 1020w, https:\/\/matterhorn-home.ch\/wp-content\/uploads\/2023\/11\/Matterhorn-vom-Riffelsee-1360x2048.jpg 1360w, https:\/\/matterhorn-home.ch\/wp-content\/uploads\/2023\/11\/Matterhorn-vom-Riffelsee-468x705.jpg 468w, https:\/\/matterhorn-home.ch\/wp-content\/uploads\/2023\/11\/Matterhorn-vom-Riffelsee-scaled.jpg 1701w\" data-sizes=\"(max-width: 717px) 100vw, 717px\"  aria-label=\"image Matterhorn vom Riffelsee\"  id='av-masonry-2-item-1758' data-av-masonry-item='1758' class='av-masonry-entry isotope-item post-1758 attachment type-attachment status-inherit hentry  av-masonry-item-with-image' title=\"Matterhorn vom Riffelsee\" alt=\"Matterhorn mit Riffelsee\"    itemprop=\"thumbnailUrl\" ><div class='av-inner-masonry-sizer'><\/div><figure class='av-inner-masonry main_color'><div class=\"av-masonry-outerimage-container\"><div class='av-masonry-image-container' style=\"background-image: url(https:\/\/matterhorn-home.ch\/wp-content\/uploads\/2023\/11\/Matterhorn-vom-Riffelsee-468x705.jpg);\"  title=\"Matterhorn vom Riffelsee\" ><\/div><\/div><\/figure><\/a><!--end av-masonry entry--><a href=\"https:\/\/matterhorn-home.ch\/wp-content\/uploads\/2023\/11\/Matterhorn-mit-Westwindwolke-1620x1080.jpg\" data-srcset=\"https:\/\/matterhorn-home.ch\/wp-content\/uploads\/2023\/11\/Matterhorn-mit-Westwindwolke-1620x1080.jpg 1620w, https:\/\/matterhorn-home.ch\/wp-content\/uploads\/2023\/11\/Matterhorn-mit-Westwindwolke-1024x683.jpg 1024w, https:\/\/matterhorn-home.ch\/wp-content\/uploads\/2023\/11\/Matterhorn-mit-Westwindwolke-768x512.jpg 768w, https:\/\/matterhorn-home.ch\/wp-content\/uploads\/2023\/11\/Matterhorn-mit-Westwindwolke-1536x1024.jpg 1536w, https:\/\/matterhorn-home.ch\/wp-content\/uploads\/2023\/11\/Matterhorn-mit-Westwindwolke-2048x1365.jpg 2048w, https:\/\/matterhorn-home.ch\/wp-content\/uploads\/2023\/11\/Matterhorn-mit-Westwindwolke-705x470.jpg 705w\" data-sizes=\"(max-width: 1500px) 100vw, 1500px\"  aria-label=\"image Matterhorn mit Westwindwolke\"  id='av-masonry-2-item-1760' data-av-masonry-item='1760' class='av-masonry-entry isotope-item post-1760 attachment type-attachment status-inherit hentry  av-masonry-item-with-image' title=\"Matterhorn mit Westwindwolke\" alt=\"\"    itemprop=\"thumbnailUrl\" ><div class='av-inner-masonry-sizer'><\/div><figure class='av-inner-masonry main_color'><div class=\"av-masonry-outerimage-container\"><div class='av-masonry-image-container' style=\"background-image: url(https:\/\/matterhorn-home.ch\/wp-content\/uploads\/2023\/11\/Matterhorn-mit-Westwindwolke-705x470.jpg);\"  title=\"Matterhorn mit Westwindwolke\" ><\/div><\/div><\/figure><\/a><!--end av-masonry entry--><a href=\"https:\/\/matterhorn-home.ch\/wp-content\/uploads\/2023\/11\/Matterhorn-im-Winter-vom-Haus-Vira-1626x1080.jpg\" data-srcset=\"https:\/\/matterhorn-home.ch\/wp-content\/uploads\/2023\/11\/Matterhorn-im-Winter-vom-Haus-Vira-1626x1080.jpg 1626w, https:\/\/matterhorn-home.ch\/wp-content\/uploads\/2023\/11\/Matterhorn-im-Winter-vom-Haus-Vira-1024x680.jpg 1024w, https:\/\/matterhorn-home.ch\/wp-content\/uploads\/2023\/11\/Matterhorn-im-Winter-vom-Haus-Vira-768x510.jpg 768w, https:\/\/matterhorn-home.ch\/wp-content\/uploads\/2023\/11\/Matterhorn-im-Winter-vom-Haus-Vira-1536x1020.jpg 1536w, https:\/\/matterhorn-home.ch\/wp-content\/uploads\/2023\/11\/Matterhorn-im-Winter-vom-Haus-Vira-2048x1360.jpg 2048w, https:\/\/matterhorn-home.ch\/wp-content\/uploads\/2023\/11\/Matterhorn-im-Winter-vom-Haus-Vira-705x468.jpg 705w\" data-sizes=\"(max-width: 1500px) 100vw, 1500px\"  aria-label=\"image Matterhorn im Winter vom Haus Vira\"  id='av-masonry-2-item-1762' data-av-masonry-item='1762' class='av-masonry-entry isotope-item post-1762 attachment type-attachment status-inherit hentry  av-masonry-item-with-image' title=\"Matterhorn im Winter vom Haus Vira\" alt=\"Matterhorn von Haus Vira im Winter\"    itemprop=\"thumbnailUrl\" ><div class='av-inner-masonry-sizer'><\/div><figure class='av-inner-masonry main_color'><div class=\"av-masonry-outerimage-container\"><div class='av-masonry-image-container' style=\"background-image: url(https:\/\/matterhorn-home.ch\/wp-content\/uploads\/2023\/11\/Matterhorn-im-Winter-vom-Haus-Vira-705x468.jpg);\"  title=\"Matterhorn im Winter vom Haus Vira\" ><\/div><\/div><\/figure><\/a><!--end av-masonry entry--><a href=\"https:\/\/matterhorn-home.ch\/wp-content\/uploads\/2023\/11\/Matterhorn-mit-Wolke-100-1626x1080.jpg\" data-srcset=\"https:\/\/matterhorn-home.ch\/wp-content\/uploads\/2023\/11\/Matterhorn-mit-Wolke-100-1626x1080.jpg 1626w, https:\/\/matterhorn-home.ch\/wp-content\/uploads\/2023\/11\/Matterhorn-mit-Wolke-100-1024x680.jpg 1024w, https:\/\/matterhorn-home.ch\/wp-content\/uploads\/2023\/11\/Matterhorn-mit-Wolke-100-768x510.jpg 768w, https:\/\/matterhorn-home.ch\/wp-content\/uploads\/2023\/11\/Matterhorn-mit-Wolke-100-1536x1020.jpg 1536w, https:\/\/matterhorn-home.ch\/wp-content\/uploads\/2023\/11\/Matterhorn-mit-Wolke-100-2048x1360.jpg 2048w, https:\/\/matterhorn-home.ch\/wp-content\/uploads\/2023\/11\/Matterhorn-mit-Wolke-100-705x468.jpg 705w\" data-sizes=\"(max-width: 1500px) 100vw, 1500px\"  aria-label=\"image Matterhorn mit Wolke 100\"  id='av-masonry-2-item-1764' data-av-masonry-item='1764' class='av-masonry-entry isotope-item post-1764 attachment type-attachment status-inherit hentry  av-masonry-item-with-image' title=\"Matterhorn mit Wolke 100\" alt=\"Matterhorn mit Wolke 2\"    itemprop=\"thumbnailUrl\" ><div class='av-inner-masonry-sizer'><\/div><figure class='av-inner-masonry main_color'><div class=\"av-masonry-outerimage-container\"><div class='av-masonry-image-container' style=\"background-image: url(https:\/\/matterhorn-home.ch\/wp-content\/uploads\/2023\/11\/Matterhorn-mit-Wolke-100-705x468.jpg);\"  title=\"Matterhorn mit Wolke 100\" ><\/div><\/div><\/figure><\/a><!--end av-masonry entry--><a href=\"https:\/\/matterhorn-home.ch\/wp-content\/uploads\/2023\/11\/Matt-spez_035_001-bearbeitet-810x1080.jpg\" data-srcset=\"https:\/\/matterhorn-home.ch\/wp-content\/uploads\/2023\/11\/Matt-spez_035_001-bearbeitet-810x1080.jpg 810w, https:\/\/matterhorn-home.ch\/wp-content\/uploads\/2023\/11\/Matt-spez_035_001-bearbeitet-576x768.jpg 576w, https:\/\/matterhorn-home.ch\/wp-content\/uploads\/2023\/11\/Matt-spez_035_001-bearbeitet-768x1024.jpg 768w, https:\/\/matterhorn-home.ch\/wp-content\/uploads\/2023\/11\/Matt-spez_035_001-bearbeitet-1152x1536.jpg 1152w, https:\/\/matterhorn-home.ch\/wp-content\/uploads\/2023\/11\/Matt-spez_035_001-bearbeitet-529x705.jpg 529w, https:\/\/matterhorn-home.ch\/wp-content\/uploads\/2023\/11\/Matt-spez_035_001-bearbeitet.jpg 1200w\" data-sizes=\"(max-width: 810px) 100vw, 810px\"  aria-label=\"image Matt spez_035_001-bearbeitet\"  id='av-masonry-2-item-1766' data-av-masonry-item='1766' class='av-masonry-entry isotope-item post-1766 attachment type-attachment status-inherit hentry  av-masonry-item-with-image' title=\"Matt spez_035_001-bearbeitet\" alt=\"Matterhorn im Herbst mit Schnee\"    itemprop=\"thumbnailUrl\" ><div class='av-inner-masonry-sizer'><\/div><figure class='av-inner-masonry main_color'><div class=\"av-masonry-outerimage-container\"><div class='av-masonry-image-container' style=\"background-image: url(https:\/\/matterhorn-home.ch\/wp-content\/uploads\/2023\/11\/Matt-spez_035_001-bearbeitet-529x705.jpg);\"  title=\"Matt spez_035_001-bearbeitet\" ><\/div><\/div><\/figure><\/a><!--end av-masonry entry--><a href=\"https:\/\/matterhorn-home.ch\/wp-content\/uploads\/2023\/11\/Matterhorn-spezial-115-bearbeitet_2.jpg\"  aria-label=\"image Matterhorn spezial (115)-bearbeitet_2\"  id='av-masonry-2-item-1768' data-av-masonry-item='1768' class='av-masonry-entry isotope-item post-1768 attachment type-attachment status-inherit hentry  av-masonry-item-with-image' title=\"Matterhorn spezial (115)-bearbeitet_2\" alt=\"Matterhorn am Morgen fr\u00fch\"    itemprop=\"thumbnailUrl\" ><div class='av-inner-masonry-sizer'><\/div><figure class='av-inner-masonry main_color'><div class=\"av-masonry-outerimage-container\"><div class='av-masonry-image-container' style=\"background-image: url(https:\/\/matterhorn-home.ch\/wp-content\/uploads\/2023\/11\/Matterhorn-spezial-115-bearbeitet_2.jpg);\"  title=\"Matterhorn spezial (115)-bearbeitet_2\" ><\/div><\/div><\/figure><\/a><!--end av-masonry entry--><a href=\"https:\/\/matterhorn-home.ch\/wp-content\/uploads\/2023\/11\/Cuba-APP-DG-215-1440x1080.jpg\" data-srcset=\"https:\/\/matterhorn-home.ch\/wp-content\/uploads\/2023\/11\/Cuba-APP-DG-215-1440x1080.jpg 1440w, https:\/\/matterhorn-home.ch\/wp-content\/uploads\/2023\/11\/Cuba-APP-DG-215-1024x768.jpg 1024w, https:\/\/matterhorn-home.ch\/wp-content\/uploads\/2023\/11\/Cuba-APP-DG-215-768x576.jpg 768w, https:\/\/matterhorn-home.ch\/wp-content\/uploads\/2023\/11\/Cuba-APP-DG-215-1536x1152.jpg 1536w, https:\/\/matterhorn-home.ch\/wp-content\/uploads\/2023\/11\/Cuba-APP-DG-215-2048x1536.jpg 2048w, https:\/\/matterhorn-home.ch\/wp-content\/uploads\/2023\/11\/Cuba-APP-DG-215-705x529.jpg 705w\" data-sizes=\"(max-width: 1440px) 100vw, 1440px\"  aria-label=\"image Cuba APP DG (215)\"  id='av-masonry-2-item-1877' data-av-masonry-item='1877' class='av-masonry-entry isotope-item post-1877 attachment type-attachment status-inherit hentry  av-masonry-item-with-image' title=\"Cuba APP DG (215)\" alt=\"Malecon Havanna am Abend\"    itemprop=\"thumbnailUrl\" ><div class='av-inner-masonry-sizer'><\/div><figure class='av-inner-masonry main_color'><div class=\"av-masonry-outerimage-container\"><div class='av-masonry-image-container' style=\"background-image: url(https:\/\/matterhorn-home.ch\/wp-content\/uploads\/2023\/11\/Cuba-APP-DG-215-705x529.jpg);\"  title=\"Cuba APP DG (215)\" ><\/div><\/div><\/figure><\/a><!--end av-masonry entry--><a href=\"https:\/\/matterhorn-home.ch\/wp-content\/uploads\/2023\/11\/Durchgang.jpg\" data-srcset=\"https:\/\/matterhorn-home.ch\/wp-content\/uploads\/2023\/11\/Durchgang.jpg 1260w, https:\/\/matterhorn-home.ch\/wp-content\/uploads\/2023\/11\/Durchgang-1024x768.jpg 1024w, https:\/\/matterhorn-home.ch\/wp-content\/uploads\/2023\/11\/Durchgang-768x576.jpg 768w, https:\/\/matterhorn-home.ch\/wp-content\/uploads\/2023\/11\/Durchgang-705x529.jpg 705w\" data-sizes=\"(max-width: 1260px) 100vw, 1260px\"  aria-label=\"image Durchgang\"  id='av-masonry-2-item-1879' data-av-masonry-item='1879' class='av-masonry-entry isotope-item post-1879 attachment type-attachment status-inherit hentry  av-masonry-item-with-image' title=\"Durchgang\" alt=\"Terrasse Casa Cervino Havanna\"    itemprop=\"thumbnailUrl\" ><div class='av-inner-masonry-sizer'><\/div><figure class='av-inner-masonry main_color'><div class=\"av-masonry-outerimage-container\"><div class='av-masonry-image-container' style=\"background-image: url(https:\/\/matterhorn-home.ch\/wp-content\/uploads\/2023\/11\/Durchgang-705x529.jpg);\"  title=\"Durchgang\" ><\/div><\/div><\/figure><\/a><!--end av-masonry entry--><a href=\"https:\/\/matterhorn-home.ch\/wp-content\/uploads\/2023\/11\/Stadtblick_2.jpg\" data-srcset=\"https:\/\/matterhorn-home.ch\/wp-content\/uploads\/2023\/11\/Stadtblick_2.jpg 1129w, https:\/\/matterhorn-home.ch\/wp-content\/uploads\/2023\/11\/Stadtblick_2-1024x768.jpg 1024w, https:\/\/matterhorn-home.ch\/wp-content\/uploads\/2023\/11\/Stadtblick_2-768x576.jpg 768w, https:\/\/matterhorn-home.ch\/wp-content\/uploads\/2023\/11\/Stadtblick_2-705x529.jpg 705w\" data-sizes=\"(max-width: 1129px) 100vw, 1129px\"  aria-label=\"image Stadtblick_2\"  id='av-masonry-2-item-1881' data-av-masonry-item='1881' class='av-masonry-entry isotope-item post-1881 attachment type-attachment status-inherit hentry  av-masonry-item-with-image' title=\"Stadtblick_2\" alt=\"Blick \u00fcber Park von Casa Cervinia Havanna\"    itemprop=\"thumbnailUrl\" ><div class='av-inner-masonry-sizer'><\/div><figure class='av-inner-masonry main_color'><div class=\"av-masonry-outerimage-container\"><div class='av-masonry-image-container' style=\"background-image: url(https:\/\/matterhorn-home.ch\/wp-content\/uploads\/2023\/11\/Stadtblick_2-705x529.jpg);\"  title=\"Stadtblick_2\" ><\/div><\/div><\/figure><\/a><!--end av-masonry entry--><a href=\"https:\/\/matterhorn-home.ch\/wp-content\/uploads\/2023\/11\/1-Terrasse_2.jpg\" data-srcset=\"https:\/\/matterhorn-home.ch\/wp-content\/uploads\/2023\/11\/1-Terrasse_2.jpg 962w, https:\/\/matterhorn-home.ch\/wp-content\/uploads\/2023\/11\/1-Terrasse_2-768x576.jpg 768w, https:\/\/matterhorn-home.ch\/wp-content\/uploads\/2023\/11\/1-Terrasse_2-705x529.jpg 705w\" data-sizes=\"(max-width: 962px) 100vw, 962px\"  aria-label=\"image 1 Terrasse_2\"  id='av-masonry-2-item-1883' data-av-masonry-item='1883' class='av-masonry-entry isotope-item post-1883 attachment type-attachment status-inherit hentry  av-masonry-item-with-image' title=\"1 Terrasse_2\" alt=\"Terrasse casa Cervino Havanna\"    itemprop=\"thumbnailUrl\" ><div class='av-inner-masonry-sizer'><\/div><figure class='av-inner-masonry main_color'><div class=\"av-masonry-outerimage-container\"><div class='av-masonry-image-container' style=\"background-image: url(https:\/\/matterhorn-home.ch\/wp-content\/uploads\/2023\/11\/1-Terrasse_2-705x529.jpg);\"  title=\"1 Terrasse_2\" ><\/div><\/div><\/figure><\/a><!--end av-masonry entry--><a href=\"https:\/\/matterhorn-home.ch\/wp-content\/uploads\/2023\/11\/Web-Cuba-Bilder_056-1511x1080.jpg\" data-srcset=\"https:\/\/matterhorn-home.ch\/wp-content\/uploads\/2023\/11\/Web-Cuba-Bilder_056-1511x1080.jpg 1511w, https:\/\/matterhorn-home.ch\/wp-content\/uploads\/2023\/11\/Web-Cuba-Bilder_056-1024x732.jpg 1024w, https:\/\/matterhorn-home.ch\/wp-content\/uploads\/2023\/11\/Web-Cuba-Bilder_056-768x549.jpg 768w, https:\/\/matterhorn-home.ch\/wp-content\/uploads\/2023\/11\/Web-Cuba-Bilder_056-1536x1098.jpg 1536w, https:\/\/matterhorn-home.ch\/wp-content\/uploads\/2023\/11\/Web-Cuba-Bilder_056-260x185.jpg 260w, https:\/\/matterhorn-home.ch\/wp-content\/uploads\/2023\/11\/Web-Cuba-Bilder_056-705x504.jpg 705w, https:\/\/matterhorn-home.ch\/wp-content\/uploads\/2023\/11\/Web-Cuba-Bilder_056.jpg 1865w\" data-sizes=\"(max-width: 1500px) 100vw, 1500px\"  aria-label=\"image Web Cuba Bilder_056\"  id='av-masonry-2-item-1885' data-av-masonry-item='1885' class='av-masonry-entry isotope-item post-1885 attachment type-attachment status-inherit hentry  av-masonry-item-with-image' title=\"Web Cuba Bilder_056\" alt=\"Blick \u00fcber Havanna\"    itemprop=\"thumbnailUrl\" ><div class='av-inner-masonry-sizer'><\/div><figure class='av-inner-masonry main_color'><div class=\"av-masonry-outerimage-container\"><div class='av-masonry-image-container' style=\"background-image: url(https:\/\/matterhorn-home.ch\/wp-content\/uploads\/2023\/11\/Web-Cuba-Bilder_056-705x504.jpg);\"  title=\"Web Cuba Bilder_056\" ><\/div><\/div><\/figure><\/a><!--end av-masonry entry--><a href=\"https:\/\/matterhorn-home.ch\/wp-content\/uploads\/2023\/11\/Web-Cuba-Stadt_22-1444x1080.jpg\" data-srcset=\"https:\/\/matterhorn-home.ch\/wp-content\/uploads\/2023\/11\/Web-Cuba-Stadt_22-1444x1080.jpg 1444w, https:\/\/matterhorn-home.ch\/wp-content\/uploads\/2023\/11\/Web-Cuba-Stadt_22-1024x766.jpg 1024w, https:\/\/matterhorn-home.ch\/wp-content\/uploads\/2023\/11\/Web-Cuba-Stadt_22-768x574.jpg 768w, https:\/\/matterhorn-home.ch\/wp-content\/uploads\/2023\/11\/Web-Cuba-Stadt_22-1536x1149.jpg 1536w, https:\/\/matterhorn-home.ch\/wp-content\/uploads\/2023\/11\/Web-Cuba-Stadt_22-705x527.jpg 705w, https:\/\/matterhorn-home.ch\/wp-content\/uploads\/2023\/11\/Web-Cuba-Stadt_22.jpg 1782w\" data-sizes=\"(max-width: 1444px) 100vw, 1444px\"  aria-label=\"image Web Cuba Stadt_22\"  id='av-masonry-2-item-1887' data-av-masonry-item='1887' class='av-masonry-entry isotope-item post-1887 attachment type-attachment status-inherit hentry  av-masonry-item-with-image' title=\"Web Cuba Stadt_22\" alt=\"Fischer am Malecon Havanna\"    itemprop=\"thumbnailUrl\" ><div class='av-inner-masonry-sizer'><\/div><figure class='av-inner-masonry main_color'><div class=\"av-masonry-outerimage-container\"><div class='av-masonry-image-container' style=\"background-image: url(https:\/\/matterhorn-home.ch\/wp-content\/uploads\/2023\/11\/Web-Cuba-Stadt_22-705x527.jpg);\"  title=\"Web Cuba Stadt_22\" ><\/div><\/div><\/figure><\/a><!--end av-masonry entry--><a href=\"https:\/\/matterhorn-home.ch\/wp-content\/uploads\/2023\/11\/Web-Cuba-Bilder_112-810x1080.jpg\" data-srcset=\"https:\/\/matterhorn-home.ch\/wp-content\/uploads\/2023\/11\/Web-Cuba-Bilder_112-810x1080.jpg 810w, https:\/\/matterhorn-home.ch\/wp-content\/uploads\/2023\/11\/Web-Cuba-Bilder_112-576x768.jpg 576w, https:\/\/matterhorn-home.ch\/wp-content\/uploads\/2023\/11\/Web-Cuba-Bilder_112-768x1024.jpg 768w, https:\/\/matterhorn-home.ch\/wp-content\/uploads\/2023\/11\/Web-Cuba-Bilder_112-529x705.jpg 529w, https:\/\/matterhorn-home.ch\/wp-content\/uploads\/2023\/11\/Web-Cuba-Bilder_112.jpg 1000w\" data-sizes=\"(max-width: 810px) 100vw, 810px\"  aria-label=\"image Web Cuba Bilder_112\"  id='av-masonry-2-item-1889' data-av-masonry-item='1889' class='av-masonry-entry isotope-item post-1889 attachment type-attachment status-inherit hentry  av-masonry-item-with-image' title=\"Web Cuba Bilder_112\" alt=\"Mann in Havanna\"    itemprop=\"thumbnailUrl\" ><div class='av-inner-masonry-sizer'><\/div><figure class='av-inner-masonry main_color'><div class=\"av-masonry-outerimage-container\"><div class='av-masonry-image-container' style=\"background-image: url(https:\/\/matterhorn-home.ch\/wp-content\/uploads\/2023\/11\/Web-Cuba-Bilder_112-529x705.jpg);\"  title=\"Web Cuba Bilder_112\" ><\/div><\/div><\/figure><\/a><!--end av-masonry entry--><a href=\"https:\/\/matterhorn-home.ch\/wp-content\/uploads\/2023\/11\/Web-Cuba-Bilder_020-Kopie-720x1080.jpg\" data-srcset=\"https:\/\/matterhorn-home.ch\/wp-content\/uploads\/2023\/11\/Web-Cuba-Bilder_020-Kopie-720x1080.jpg 720w, https:\/\/matterhorn-home.ch\/wp-content\/uploads\/2023\/11\/Web-Cuba-Bilder_020-Kopie-512x768.jpg 512w, https:\/\/matterhorn-home.ch\/wp-content\/uploads\/2023\/11\/Web-Cuba-Bilder_020-Kopie-768x1152.jpg 768w, https:\/\/matterhorn-home.ch\/wp-content\/uploads\/2023\/11\/Web-Cuba-Bilder_020-Kopie-470x705.jpg 470w, https:\/\/matterhorn-home.ch\/wp-content\/uploads\/2023\/11\/Web-Cuba-Bilder_020-Kopie.jpg 889w\" data-sizes=\"(max-width: 720px) 100vw, 720px\"  aria-label=\"image Web Cuba Bilder_020 &#8211; Kopie\"  id='av-masonry-2-item-1891' data-av-masonry-item='1891' class='av-masonry-entry isotope-item post-1891 attachment type-attachment status-inherit hentry  av-masonry-item-with-image' title=\"Web Cuba Bilder_020 &#8211; Kopie\" alt=\"Frau in Havanna\"    itemprop=\"thumbnailUrl\" ><div class='av-inner-masonry-sizer'><\/div><figure class='av-inner-masonry main_color'><div class=\"av-masonry-outerimage-container\"><div class='av-masonry-image-container' style=\"background-image: url(https:\/\/matterhorn-home.ch\/wp-content\/uploads\/2023\/11\/Web-Cuba-Bilder_020-Kopie-470x705.jpg);\"  title=\"Web Cuba Bilder_020 &#8211; Kopie\" ><\/div><\/div><\/figure><\/a><!--end av-masonry entry--><a href=\"https:\/\/matterhorn-home.ch\/wp-content\/uploads\/2023\/11\/Web-Cuba-Bilder_080-808x1080.jpg\" data-srcset=\"https:\/\/matterhorn-home.ch\/wp-content\/uploads\/2023\/11\/Web-Cuba-Bilder_080-808x1080.jpg 808w, https:\/\/matterhorn-home.ch\/wp-content\/uploads\/2023\/11\/Web-Cuba-Bilder_080-574x768.jpg 574w, https:\/\/matterhorn-home.ch\/wp-content\/uploads\/2023\/11\/Web-Cuba-Bilder_080-768x1027.jpg 768w, https:\/\/matterhorn-home.ch\/wp-content\/uploads\/2023\/11\/Web-Cuba-Bilder_080-527x705.jpg 527w, https:\/\/matterhorn-home.ch\/wp-content\/uploads\/2023\/11\/Web-Cuba-Bilder_080.jpg 997w\" data-sizes=\"(max-width: 808px) 100vw, 808px\"  aria-label=\"image Gem\u00fcseh\u00e4ndler Havanna\"  id='av-masonry-2-item-1893' data-av-masonry-item='1893' class='av-masonry-entry isotope-item post-1893 attachment type-attachment status-inherit hentry  av-masonry-item-with-image' title=\"\" alt=\"Gem\u00fcseh\u00e4ndler Havanna\"    itemprop=\"thumbnailUrl\" ><div class='av-inner-masonry-sizer'><\/div><figure class='av-inner-masonry main_color'><div class=\"av-masonry-outerimage-container\"><div class='av-masonry-image-container' style=\"background-image: url(https:\/\/matterhorn-home.ch\/wp-content\/uploads\/2023\/11\/Web-Cuba-Bilder_080-527x705.jpg);\" ><\/div><\/div><\/figure><\/a><!--end av-masonry entry--><a href=\"https:\/\/matterhorn-home.ch\/wp-content\/uploads\/2023\/11\/Web-Cuba-Bilder_075-808x1080.jpg\" data-srcset=\"https:\/\/matterhorn-home.ch\/wp-content\/uploads\/2023\/11\/Web-Cuba-Bilder_075-808x1080.jpg 808w, https:\/\/matterhorn-home.ch\/wp-content\/uploads\/2023\/11\/Web-Cuba-Bilder_075-574x768.jpg 574w, https:\/\/matterhorn-home.ch\/wp-content\/uploads\/2023\/11\/Web-Cuba-Bilder_075-768x1027.jpg 768w, https:\/\/matterhorn-home.ch\/wp-content\/uploads\/2023\/11\/Web-Cuba-Bilder_075-527x705.jpg 527w, https:\/\/matterhorn-home.ch\/wp-content\/uploads\/2023\/11\/Web-Cuba-Bilder_075.jpg 997w\" data-sizes=\"(max-width: 808px) 100vw, 808px\"  aria-label=\"image Web Cuba BilHauseingang in Havanna viejader_075\"  id='av-masonry-2-item-1895' data-av-masonry-item='1895' class='av-masonry-entry isotope-item post-1895 attachment type-attachment status-inherit hentry  av-masonry-item-with-image' title=\"Web Cuba BilHauseingang in Havanna viejader_075\" alt=\"Hauseingang in Havanna\"    itemprop=\"thumbnailUrl\" ><div class='av-inner-masonry-sizer'><\/div><figure class='av-inner-masonry main_color'><div class=\"av-masonry-outerimage-container\"><div class='av-masonry-image-container' style=\"background-image: url(https:\/\/matterhorn-home.ch\/wp-content\/uploads\/2023\/11\/Web-Cuba-Bilder_075-527x705.jpg);\"  title=\"Web Cuba BilHauseingang in Havanna viejader_075\" ><\/div><\/div><\/figure><\/a><!--end av-masonry entry--><a href=\"https:\/\/matterhorn-home.ch\/wp-content\/uploads\/2023\/11\/IMG_20180412_102028_2-808x1080.jpg\" data-srcset=\"https:\/\/matterhorn-home.ch\/wp-content\/uploads\/2023\/11\/IMG_20180412_102028_2-808x1080.jpg 808w, https:\/\/matterhorn-home.ch\/wp-content\/uploads\/2023\/11\/IMG_20180412_102028_2-574x768.jpg 574w, https:\/\/matterhorn-home.ch\/wp-content\/uploads\/2023\/11\/IMG_20180412_102028_2-768x1027.jpg 768w, https:\/\/matterhorn-home.ch\/wp-content\/uploads\/2023\/11\/IMG_20180412_102028_2-527x705.jpg 527w, https:\/\/matterhorn-home.ch\/wp-content\/uploads\/2023\/11\/IMG_20180412_102028_2.jpg 905w\" data-sizes=\"(max-width: 808px) 100vw, 808px\"  aria-label=\"image IMG_20180412_102028_2\"  id='av-masonry-2-item-1897' data-av-masonry-item='1897' class='av-masonry-entry isotope-item post-1897 attachment type-attachment status-inherit hentry  av-masonry-item-with-image' title=\"IMG_20180412_102028_2\" alt=\"Edificio Focsa La Habana\"    itemprop=\"thumbnailUrl\" ><div class='av-inner-masonry-sizer'><\/div><figure class='av-inner-masonry main_color'><div class=\"av-masonry-outerimage-container\"><div class='av-masonry-image-container' style=\"background-image: url(https:\/\/matterhorn-home.ch\/wp-content\/uploads\/2023\/11\/IMG_20180412_102028_2-527x705.jpg);\"  title=\"IMG_20180412_102028_2\" ><\/div><\/div><\/figure><\/a><!--end av-masonry entry--><a href=\"https:\/\/matterhorn-home.ch\/wp-content\/uploads\/2023\/11\/Web-Cuba-Bilder_069-808x1080.jpg\" data-srcset=\"https:\/\/matterhorn-home.ch\/wp-content\/uploads\/2023\/11\/Web-Cuba-Bilder_069-808x1080.jpg 808w, https:\/\/matterhorn-home.ch\/wp-content\/uploads\/2023\/11\/Web-Cuba-Bilder_069-574x768.jpg 574w, https:\/\/matterhorn-home.ch\/wp-content\/uploads\/2023\/11\/Web-Cuba-Bilder_069-768x1027.jpg 768w, https:\/\/matterhorn-home.ch\/wp-content\/uploads\/2023\/11\/Web-Cuba-Bilder_069-527x705.jpg 527w, https:\/\/matterhorn-home.ch\/wp-content\/uploads\/2023\/11\/Web-Cuba-Bilder_069.jpg 997w\" data-sizes=\"(max-width: 808px) 100vw, 808px\"  aria-label=\"image Web Cuba Bilder_069\"  id='av-masonry-2-item-1899' data-av-masonry-item='1899' class='av-masonry-entry isotope-item post-1899 attachment type-attachment status-inherit hentry  av-masonry-item-with-image' title=\"Web Cuba Bilder_069\" alt=\"Mann an der &quot;Arbeit&quot; Havanna\"    itemprop=\"thumbnailUrl\" ><div class='av-inner-masonry-sizer'><\/div><figure class='av-inner-masonry main_color'><div class=\"av-masonry-outerimage-container\"><div class='av-masonry-image-container' style=\"background-image: url(https:\/\/matterhorn-home.ch\/wp-content\/uploads\/2023\/11\/Web-Cuba-Bilder_069-527x705.jpg);\"  title=\"Web Cuba Bilder_069\" ><\/div><\/div><\/figure><\/a><!--end av-masonry entry--><a href=\"https:\/\/matterhorn-home.ch\/wp-content\/uploads\/2023\/11\/IMG_7362.jpg\" data-srcset=\"https:\/\/matterhorn-home.ch\/wp-content\/uploads\/2023\/11\/IMG_7362.jpg 696w, https:\/\/matterhorn-home.ch\/wp-content\/uploads\/2023\/11\/IMG_7362-576x768.jpg 576w, https:\/\/matterhorn-home.ch\/wp-content\/uploads\/2023\/11\/IMG_7362-529x705.jpg 529w\" data-sizes=\"(max-width: 696px) 100vw, 696px\"  aria-label=\"image IMG_7362\"  id='av-masonry-2-item-1901' data-av-masonry-item='1901' class='av-masonry-entry isotope-item post-1901 attachment type-attachment status-inherit hentry  av-masonry-item-with-image' title=\"IMG_7362\" alt=\"Mann bei Renovation in Casa Cervino\"    itemprop=\"thumbnailUrl\" ><div class='av-inner-masonry-sizer'><\/div><figure class='av-inner-masonry main_color'><div class=\"av-masonry-outerimage-container\"><div class='av-masonry-image-container' style=\"background-image: url(https:\/\/matterhorn-home.ch\/wp-content\/uploads\/2023\/11\/IMG_7362-529x705.jpg);\"  title=\"IMG_7362\" ><\/div><\/div><\/figure><\/a><!--end av-masonry entry--><a href=\"https:\/\/matterhorn-home.ch\/wp-content\/uploads\/2023\/11\/IMG_20180415_200507_2-888x1080.jpg\" data-srcset=\"https:\/\/matterhorn-home.ch\/wp-content\/uploads\/2023\/11\/IMG_20180415_200507_2-888x1080.jpg 888w, https:\/\/matterhorn-home.ch\/wp-content\/uploads\/2023\/11\/IMG_20180415_200507_2-632x768.jpg 632w, https:\/\/matterhorn-home.ch\/wp-content\/uploads\/2023\/11\/IMG_20180415_200507_2-768x934.jpg 768w, https:\/\/matterhorn-home.ch\/wp-content\/uploads\/2023\/11\/IMG_20180415_200507_2-580x705.jpg 580w, https:\/\/matterhorn-home.ch\/wp-content\/uploads\/2023\/11\/IMG_20180415_200507_2.jpg 1065w\" data-sizes=\"(max-width: 888px) 100vw, 888px\"  aria-label=\"image IMG_20180415_200507_2\"  id='av-masonry-2-item-1903' data-av-masonry-item='1903' class='av-masonry-entry isotope-item post-1903 attachment type-attachment status-inherit hentry  av-masonry-item-with-image' title=\"IMG_20180415_200507_2\" alt=\"\"    itemprop=\"thumbnailUrl\" ><div class='av-inner-masonry-sizer'><\/div><figure class='av-inner-masonry main_color'><div class=\"av-masonry-outerimage-container\"><div class='av-masonry-image-container' style=\"background-image: url(https:\/\/matterhorn-home.ch\/wp-content\/uploads\/2023\/11\/IMG_20180415_200507_2-580x705.jpg);\"  title=\"IMG_20180415_200507_2\" ><\/div><\/div><\/figure><\/a><!--end av-masonry entry--><a href=\"https:\/\/matterhorn-home.ch\/wp-content\/uploads\/2023\/11\/Web-Cuba-1-Kopie_2.jpg\" data-srcset=\"https:\/\/matterhorn-home.ch\/wp-content\/uploads\/2023\/11\/Web-Cuba-1-Kopie_2.jpg 1200w, https:\/\/matterhorn-home.ch\/wp-content\/uploads\/2023\/11\/Web-Cuba-1-Kopie_2-1024x683.jpg 1024w, https:\/\/matterhorn-home.ch\/wp-content\/uploads\/2023\/11\/Web-Cuba-1-Kopie_2-768x512.jpg 768w, https:\/\/matterhorn-home.ch\/wp-content\/uploads\/2023\/11\/Web-Cuba-1-Kopie_2-705x470.jpg 705w\" data-sizes=\"(max-width: 1200px) 100vw, 1200px\"  aria-label=\"image Web Cuba (1) &#8211; Kopie_2\"  id='av-masonry-2-item-1905' data-av-masonry-item='1905' class='av-masonry-entry isotope-item post-1905 attachment type-attachment status-inherit hentry  av-masonry-item-with-image' title=\"Web Cuba (1) &#8211; Kopie_2\" alt=\"Auto in Havanna 1\"    itemprop=\"thumbnailUrl\" ><div class='av-inner-masonry-sizer'><\/div><figure class='av-inner-masonry main_color'><div class=\"av-masonry-outerimage-container\"><div class='av-masonry-image-container' style=\"background-image: url(https:\/\/matterhorn-home.ch\/wp-content\/uploads\/2023\/11\/Web-Cuba-1-Kopie_2-705x470.jpg);\"  title=\"Web Cuba (1) &#8211; Kopie_2\" ><\/div><\/div><\/figure><\/a><!--end av-masonry entry--><a href=\"https:\/\/matterhorn-home.ch\/wp-content\/uploads\/2023\/11\/Web-Cuba-Bilder_046_2.jpg\" data-srcset=\"https:\/\/matterhorn-home.ch\/wp-content\/uploads\/2023\/11\/Web-Cuba-Bilder_046_2.jpg 1199w, https:\/\/matterhorn-home.ch\/wp-content\/uploads\/2023\/11\/Web-Cuba-Bilder_046_2-1024x683.jpg 1024w, https:\/\/matterhorn-home.ch\/wp-content\/uploads\/2023\/11\/Web-Cuba-Bilder_046_2-768x512.jpg 768w, https:\/\/matterhorn-home.ch\/wp-content\/uploads\/2023\/11\/Web-Cuba-Bilder_046_2-705x470.jpg 705w\" data-sizes=\"(max-width: 1199px) 100vw, 1199px\"  aria-label=\"image Web Cuba Bilder_046_2\"  id='av-masonry-2-item-1907' data-av-masonry-item='1907' class='av-masonry-entry isotope-item post-1907 attachment type-attachment status-inherit hentry  av-masonry-item-with-image' title=\"Web Cuba Bilder_046_2\" alt=\"Auto in Havanna 2\"    itemprop=\"thumbnailUrl\" ><div class='av-inner-masonry-sizer'><\/div><figure class='av-inner-masonry main_color'><div class=\"av-masonry-outerimage-container\"><div class='av-masonry-image-container' style=\"background-image: url(https:\/\/matterhorn-home.ch\/wp-content\/uploads\/2023\/11\/Web-Cuba-Bilder_046_2-705x470.jpg);\"  title=\"Web Cuba Bilder_046_2\" ><\/div><\/div><\/figure><\/a><!--end av-masonry entry--><a href=\"https:\/\/matterhorn-home.ch\/wp-content\/uploads\/2023\/11\/Web-Cuba-Bilder_017-Kopie_2.jpg\" data-srcset=\"https:\/\/matterhorn-home.ch\/wp-content\/uploads\/2023\/11\/Web-Cuba-Bilder_017-Kopie_2.jpg 1200w, https:\/\/matterhorn-home.ch\/wp-content\/uploads\/2023\/11\/Web-Cuba-Bilder_017-Kopie_2-1024x683.jpg 1024w, https:\/\/matterhorn-home.ch\/wp-content\/uploads\/2023\/11\/Web-Cuba-Bilder_017-Kopie_2-768x512.jpg 768w, https:\/\/matterhorn-home.ch\/wp-content\/uploads\/2023\/11\/Web-Cuba-Bilder_017-Kopie_2-705x470.jpg 705w\" data-sizes=\"(max-width: 1200px) 100vw, 1200px\"  aria-label=\"image Web Cuba Bilder_017 &#8211; Kopie_2\"  id='av-masonry-2-item-1909' data-av-masonry-item='1909' class='av-masonry-entry isotope-item post-1909 attachment type-attachment status-inherit hentry  av-masonry-item-with-image' title=\"Web Cuba Bilder_017 &#8211; Kopie_2\" alt=\"Haus in Havanna Altstadt\"    itemprop=\"thumbnailUrl\" ><div class='av-inner-masonry-sizer'><\/div><figure class='av-inner-masonry main_color'><div class=\"av-masonry-outerimage-container\"><div class='av-masonry-image-container' style=\"background-image: url(https:\/\/matterhorn-home.ch\/wp-content\/uploads\/2023\/11\/Web-Cuba-Bilder_017-Kopie_2-705x470.jpg);\"  title=\"Web Cuba Bilder_017 &#8211; Kopie_2\" ><\/div><\/div><\/figure><\/a><!--end av-masonry entry--><a href=\"https:\/\/matterhorn-home.ch\/wp-content\/uploads\/2023\/11\/Web-Cuba-Bilder_077_2.jpg\" data-srcset=\"https:\/\/matterhorn-home.ch\/wp-content\/uploads\/2023\/11\/Web-Cuba-Bilder_077_2.jpg 1069w, https:\/\/matterhorn-home.ch\/wp-content\/uploads\/2023\/11\/Web-Cuba-Bilder_077_2-1024x766.jpg 1024w, https:\/\/matterhorn-home.ch\/wp-content\/uploads\/2023\/11\/Web-Cuba-Bilder_077_2-768x575.jpg 768w, https:\/\/matterhorn-home.ch\/wp-content\/uploads\/2023\/11\/Web-Cuba-Bilder_077_2-705x528.jpg 705w\" data-sizes=\"(max-width: 1069px) 100vw, 1069px\"  aria-label=\"image Web Cuba Bilder_077_2\"  id='av-masonry-2-item-1911' data-av-masonry-item='1911' class='av-masonry-entry isotope-item post-1911 attachment type-attachment status-inherit hentry  av-masonry-item-with-image' title=\"Web Cuba Bilder_077_2\" alt=\"GEm\u00fcsemarkt Havanna\"    itemprop=\"thumbnailUrl\" ><div class='av-inner-masonry-sizer'><\/div><figure class='av-inner-masonry main_color'><div class=\"av-masonry-outerimage-container\"><div class='av-masonry-image-container' style=\"background-image: url(https:\/\/matterhorn-home.ch\/wp-content\/uploads\/2023\/11\/Web-Cuba-Bilder_077_2-705x528.jpg);\"  title=\"Web Cuba Bilder_077_2\" ><\/div><\/div><\/figure><\/a><!--end av-masonry entry--><a href=\"https:\/\/matterhorn-home.ch\/wp-content\/uploads\/2023\/11\/Web-Cuba-Bilder_005-Kopie_2.jpg\" data-srcset=\"https:\/\/matterhorn-home.ch\/wp-content\/uploads\/2023\/11\/Web-Cuba-Bilder_005-Kopie_2.jpg 1200w, https:\/\/matterhorn-home.ch\/wp-content\/uploads\/2023\/11\/Web-Cuba-Bilder_005-Kopie_2-1024x683.jpg 1024w, https:\/\/matterhorn-home.ch\/wp-content\/uploads\/2023\/11\/Web-Cuba-Bilder_005-Kopie_2-768x512.jpg 768w, https:\/\/matterhorn-home.ch\/wp-content\/uploads\/2023\/11\/Web-Cuba-Bilder_005-Kopie_2-705x470.jpg 705w\" data-sizes=\"(max-width: 1200px) 100vw, 1200px\"  aria-label=\"image Web Cuba Bilder_005 &#8211; Kopie_2\"  id='av-masonry-2-item-1913' data-av-masonry-item='1913' class='av-masonry-entry isotope-item post-1913 attachment type-attachment status-inherit hentry  av-masonry-item-with-image' title=\"Web Cuba Bilder_005 &#8211; Kopie_2\" alt=\"Auto in Havanna 3\"    itemprop=\"thumbnailUrl\" ><div class='av-inner-masonry-sizer'><\/div><figure class='av-inner-masonry main_color'><div class=\"av-masonry-outerimage-container\"><div class='av-masonry-image-container' style=\"background-image: url(https:\/\/matterhorn-home.ch\/wp-content\/uploads\/2023\/11\/Web-Cuba-Bilder_005-Kopie_2-705x470.jpg);\"  title=\"Web Cuba Bilder_005 &#8211; Kopie_2\" ><\/div><\/div><\/figure><\/a><!--end av-masonry entry--><a href=\"https:\/\/matterhorn-home.ch\/wp-content\/uploads\/2023\/11\/Web-Cuba-5-Kopie_2.jpg\" data-srcset=\"https:\/\/matterhorn-home.ch\/wp-content\/uploads\/2023\/11\/Web-Cuba-5-Kopie_2.jpg 1199w, https:\/\/matterhorn-home.ch\/wp-content\/uploads\/2023\/11\/Web-Cuba-5-Kopie_2-1024x683.jpg 1024w, https:\/\/matterhorn-home.ch\/wp-content\/uploads\/2023\/11\/Web-Cuba-5-Kopie_2-768x512.jpg 768w, https:\/\/matterhorn-home.ch\/wp-content\/uploads\/2023\/11\/Web-Cuba-5-Kopie_2-705x470.jpg 705w\" data-sizes=\"(max-width: 1199px) 100vw, 1199px\"  aria-label=\"image Web Cuba (5) &#8211; Kopie_2\"  id='av-masonry-2-item-1915' data-av-masonry-item='1915' class='av-masonry-entry isotope-item post-1915 attachment type-attachment status-inherit hentry  av-masonry-item-with-image' title=\"Web Cuba (5) &#8211; Kopie_2\" alt=\"Zitat von Fidel Castro\"    itemprop=\"thumbnailUrl\" ><div class='av-inner-masonry-sizer'><\/div><figure class='av-inner-masonry main_color'><div class=\"av-masonry-outerimage-container\"><div class='av-masonry-image-container' style=\"background-image: url(https:\/\/matterhorn-home.ch\/wp-content\/uploads\/2023\/11\/Web-Cuba-5-Kopie_2-705x470.jpg);\"  title=\"Web Cuba (5) &#8211; Kopie_2\" ><\/div><\/div><\/figure><\/a><!--end av-masonry entry--><a href=\"https:\/\/matterhorn-home.ch\/wp-content\/uploads\/2023\/11\/Web-Cuba-Bilder_024_2.jpg\" data-srcset=\"https:\/\/matterhorn-home.ch\/wp-content\/uploads\/2023\/11\/Web-Cuba-Bilder_024_2.jpg 1199w, https:\/\/matterhorn-home.ch\/wp-content\/uploads\/2023\/11\/Web-Cuba-Bilder_024_2-1024x683.jpg 1024w, https:\/\/matterhorn-home.ch\/wp-content\/uploads\/2023\/11\/Web-Cuba-Bilder_024_2-768x512.jpg 768w, https:\/\/matterhorn-home.ch\/wp-content\/uploads\/2023\/11\/Web-Cuba-Bilder_024_2-705x470.jpg 705w\" data-sizes=\"(max-width: 1199px) 100vw, 1199px\"  aria-label=\"image Web Cuba Bilder_024_2\"  id='av-masonry-2-item-1917' data-av-masonry-item='1917' class='av-masonry-entry isotope-item post-1917 attachment type-attachment status-inherit hentry  av-masonry-item-with-image' title=\"Web Cuba Bilder_024_2\" alt=\"Altstadt Havanna\"    itemprop=\"thumbnailUrl\" ><div class='av-inner-masonry-sizer'><\/div><figure class='av-inner-masonry main_color'><div class=\"av-masonry-outerimage-container\"><div class='av-masonry-image-container' style=\"background-image: url(https:\/\/matterhorn-home.ch\/wp-content\/uploads\/2023\/11\/Web-Cuba-Bilder_024_2-705x470.jpg);\"  title=\"Web Cuba Bilder_024_2\" ><\/div><\/div><\/figure><\/a><!--end av-masonry entry--><a href=\"https:\/\/matterhorn-home.ch\/wp-content\/uploads\/2023\/11\/Web-Cuba-6-Kopie_2.jpg\" data-srcset=\"https:\/\/matterhorn-home.ch\/wp-content\/uploads\/2023\/11\/Web-Cuba-6-Kopie_2.jpg 1069w, https:\/\/matterhorn-home.ch\/wp-content\/uploads\/2023\/11\/Web-Cuba-6-Kopie_2-1024x766.jpg 1024w, https:\/\/matterhorn-home.ch\/wp-content\/uploads\/2023\/11\/Web-Cuba-6-Kopie_2-768x575.jpg 768w, https:\/\/matterhorn-home.ch\/wp-content\/uploads\/2023\/11\/Web-Cuba-6-Kopie_2-705x528.jpg 705w\" data-sizes=\"(max-width: 1069px) 100vw, 1069px\"  aria-label=\"image Web Cuba (6) &#8211; Kopie_2\"  id='av-masonry-2-item-1919' data-av-masonry-item='1919' class='av-masonry-entry isotope-item post-1919 attachment type-attachment status-inherit hentry  av-masonry-item-with-image' title=\"Web Cuba (6) &#8211; Kopie_2\" alt=\"Zerfallenes Haus in Havanna\"    itemprop=\"thumbnailUrl\" ><div class='av-inner-masonry-sizer'><\/div><figure class='av-inner-masonry main_color'><div class=\"av-masonry-outerimage-container\"><div class='av-masonry-image-container' style=\"background-image: url(https:\/\/matterhorn-home.ch\/wp-content\/uploads\/2023\/11\/Web-Cuba-6-Kopie_2-705x528.jpg);\"  title=\"Web Cuba (6) &#8211; Kopie_2\" ><\/div><\/div><\/figure><\/a><!--end av-masonry entry--><a href=\"https:\/\/matterhorn-home.ch\/wp-content\/uploads\/2023\/11\/Web-Cuba-9-Kopie_2-1444x1080.jpg\" data-srcset=\"https:\/\/matterhorn-home.ch\/wp-content\/uploads\/2023\/11\/Web-Cuba-9-Kopie_2-1444x1080.jpg 1444w, https:\/\/matterhorn-home.ch\/wp-content\/uploads\/2023\/11\/Web-Cuba-9-Kopie_2-1024x766.jpg 1024w, https:\/\/matterhorn-home.ch\/wp-content\/uploads\/2023\/11\/Web-Cuba-9-Kopie_2-768x575.jpg 768w, https:\/\/matterhorn-home.ch\/wp-content\/uploads\/2023\/11\/Web-Cuba-9-Kopie_2-1536x1149.jpg 1536w, https:\/\/matterhorn-home.ch\/wp-content\/uploads\/2023\/11\/Web-Cuba-9-Kopie_2-705x527.jpg 705w, https:\/\/matterhorn-home.ch\/wp-content\/uploads\/2023\/11\/Web-Cuba-9-Kopie_2.jpg 1604w\" data-sizes=\"(max-width: 1444px) 100vw, 1444px\"  aria-label=\"image Web Cuba (9) &#8211; Kopie_2\"  id='av-masonry-2-item-1921' data-av-masonry-item='1921' class='av-masonry-entry isotope-item post-1921 attachment type-attachment status-inherit hentry  av-masonry-item-with-image' title=\"Web Cuba (9) &#8211; Kopie_2\" alt=\"Propaganda in Havanna\"    itemprop=\"thumbnailUrl\" ><div class='av-inner-masonry-sizer'><\/div><figure class='av-inner-masonry main_color'><div class=\"av-masonry-outerimage-container\"><div class='av-masonry-image-container' style=\"background-image: url(https:\/\/matterhorn-home.ch\/wp-content\/uploads\/2023\/11\/Web-Cuba-9-Kopie_2-705x527.jpg);\"  title=\"Web Cuba (9) &#8211; Kopie_2\" ><\/div><\/div><\/figure><\/a><!--end av-masonry entry--><a href=\"https:\/\/matterhorn-home.ch\/wp-content\/uploads\/2023\/11\/Web-Cuba-Bilder_040_2-1618x1080.jpg\" data-srcset=\"https:\/\/matterhorn-home.ch\/wp-content\/uploads\/2023\/11\/Web-Cuba-Bilder_040_2-1618x1080.jpg 1618w, https:\/\/matterhorn-home.ch\/wp-content\/uploads\/2023\/11\/Web-Cuba-Bilder_040_2-1024x683.jpg 1024w, https:\/\/matterhorn-home.ch\/wp-content\/uploads\/2023\/11\/Web-Cuba-Bilder_040_2-768x513.jpg 768w, https:\/\/matterhorn-home.ch\/wp-content\/uploads\/2023\/11\/Web-Cuba-Bilder_040_2-1536x1025.jpg 1536w, https:\/\/matterhorn-home.ch\/wp-content\/uploads\/2023\/11\/Web-Cuba-Bilder_040_2-705x471.jpg 705w, https:\/\/matterhorn-home.ch\/wp-content\/uploads\/2023\/11\/Web-Cuba-Bilder_040_2.jpg 1798w\" data-sizes=\"(max-width: 1500px) 100vw, 1500px\"  aria-label=\"image Web Cuba Bilder_040_2\"  id='av-masonry-2-item-1923' data-av-masonry-item='1923' class='av-masonry-entry isotope-item post-1923 attachment type-attachment status-inherit hentry  av-masonry-item-with-image' title=\"Web Cuba Bilder_040_2\" alt=\"Fleischverk\u00e4ufer in Havanna\"    itemprop=\"thumbnailUrl\" ><div class='av-inner-masonry-sizer'><\/div><figure class='av-inner-masonry main_color'><div class=\"av-masonry-outerimage-container\"><div class='av-masonry-image-container' style=\"background-image: url(https:\/\/matterhorn-home.ch\/wp-content\/uploads\/2023\/11\/Web-Cuba-Bilder_040_2-705x471.jpg);\"  title=\"Web Cuba Bilder_040_2\" ><\/div><\/div><\/figure><\/a><!--end av-masonry entry--><a href=\"https:\/\/matterhorn-home.ch\/wp-content\/uploads\/2023\/11\/Web-Cuba-Bilder_087_2-1444x1080.jpg\" data-srcset=\"https:\/\/matterhorn-home.ch\/wp-content\/uploads\/2023\/11\/Web-Cuba-Bilder_087_2-1444x1080.jpg 1444w, https:\/\/matterhorn-home.ch\/wp-content\/uploads\/2023\/11\/Web-Cuba-Bilder_087_2-1024x766.jpg 1024w, https:\/\/matterhorn-home.ch\/wp-content\/uploads\/2023\/11\/Web-Cuba-Bilder_087_2-768x575.jpg 768w, https:\/\/matterhorn-home.ch\/wp-content\/uploads\/2023\/11\/Web-Cuba-Bilder_087_2-1536x1149.jpg 1536w, https:\/\/matterhorn-home.ch\/wp-content\/uploads\/2023\/11\/Web-Cuba-Bilder_087_2-705x527.jpg 705w, https:\/\/matterhorn-home.ch\/wp-content\/uploads\/2023\/11\/Web-Cuba-Bilder_087_2.jpg 1604w\" data-sizes=\"(max-width: 1444px) 100vw, 1444px\"  aria-label=\"image Web Cuba Bilder_087_2\"  id='av-masonry-2-item-1925' data-av-masonry-item='1925' class='av-masonry-entry isotope-item post-1925 attachment type-attachment status-inherit hentry  av-masonry-item-with-image' title=\"Web Cuba Bilder_087_2\" alt=\"Graffiti in Havanna\"    itemprop=\"thumbnailUrl\" ><div class='av-inner-masonry-sizer'><\/div><figure class='av-inner-masonry main_color'><div class=\"av-masonry-outerimage-container\"><div class='av-masonry-image-container' style=\"background-image: url(https:\/\/matterhorn-home.ch\/wp-content\/uploads\/2023\/11\/Web-Cuba-Bilder_087_2-705x527.jpg);\"  title=\"Web Cuba Bilder_087_2\" ><\/div><\/div><\/figure><\/a><!--end av-masonry entry--><a href=\"https:\/\/matterhorn-home.ch\/wp-content\/uploads\/2023\/11\/Web-Cuba-Bilder_150_2-1657x1080.jpg\" data-srcset=\"https:\/\/matterhorn-home.ch\/wp-content\/uploads\/2023\/11\/Web-Cuba-Bilder_150_2-1657x1080.jpg 1657w, https:\/\/matterhorn-home.ch\/wp-content\/uploads\/2023\/11\/Web-Cuba-Bilder_150_2-1024x667.jpg 1024w, https:\/\/matterhorn-home.ch\/wp-content\/uploads\/2023\/11\/Web-Cuba-Bilder_150_2-768x500.jpg 768w, https:\/\/matterhorn-home.ch\/wp-content\/uploads\/2023\/11\/Web-Cuba-Bilder_150_2-1536x1001.jpg 1536w, https:\/\/matterhorn-home.ch\/wp-content\/uploads\/2023\/11\/Web-Cuba-Bilder_150_2-705x459.jpg 705w, https:\/\/matterhorn-home.ch\/wp-content\/uploads\/2023\/11\/Web-Cuba-Bilder_150_2.jpg 1800w\" data-sizes=\"(max-width: 1500px) 100vw, 1500px\"  aria-label=\"image Web Cuba Bilder_150_2\"  id='av-masonry-2-item-1927' data-av-masonry-item='1927' class='av-masonry-entry isotope-item post-1927 attachment type-attachment status-inherit hentry  av-masonry-item-with-image' title=\"Web Cuba Bilder_150_2\" alt=\"Der Malecon Havanna\"    itemprop=\"thumbnailUrl\" ><div class='av-inner-masonry-sizer'><\/div><figure class='av-inner-masonry main_color'><div class=\"av-masonry-outerimage-container\"><div class='av-masonry-image-container' style=\"background-image: url(https:\/\/matterhorn-home.ch\/wp-content\/uploads\/2023\/11\/Web-Cuba-Bilder_150_2-705x459.jpg);\"  title=\"Web Cuba Bilder_150_2\" ><\/div><\/div><\/figure><\/a><!--end av-masonry entry--><a href=\"https:\/\/matterhorn-home.ch\/wp-content\/uploads\/2023\/11\/DSC03573_2_2.jpg\" data-srcset=\"https:\/\/matterhorn-home.ch\/wp-content\/uploads\/2023\/11\/DSC03573_2_2.jpg 1395w, https:\/\/matterhorn-home.ch\/wp-content\/uploads\/2023\/11\/DSC03573_2_2-1024x683.jpg 1024w, https:\/\/matterhorn-home.ch\/wp-content\/uploads\/2023\/11\/DSC03573_2_2-768x513.jpg 768w, https:\/\/matterhorn-home.ch\/wp-content\/uploads\/2023\/11\/DSC03573_2_2-705x471.jpg 705w\" data-sizes=\"(max-width: 1395px) 100vw, 1395px\"  aria-label=\"image DSC03573_2_2\"  id='av-masonry-2-item-1929' data-av-masonry-item='1929' class='av-masonry-entry isotope-item post-1929 attachment type-attachment status-inherit hentry  av-masonry-item-with-image' title=\"DSC03573_2_2\" alt=\"Gem\u00fcseladen Havanna\"    itemprop=\"thumbnailUrl\" ><div class='av-inner-masonry-sizer'><\/div><figure class='av-inner-masonry main_color'><div class=\"av-masonry-outerimage-container\"><div class='av-masonry-image-container' style=\"background-image: url(https:\/\/matterhorn-home.ch\/wp-content\/uploads\/2023\/11\/DSC03573_2_2-705x471.jpg);\"  title=\"DSC03573_2_2\" ><\/div><\/div><\/figure><\/a><!--end av-masonry entry--><a href=\"https:\/\/matterhorn-home.ch\/wp-content\/uploads\/2023\/11\/Web-Cuba-Bilder_018_2.jpg\" data-srcset=\"https:\/\/matterhorn-home.ch\/wp-content\/uploads\/2023\/11\/Web-Cuba-Bilder_018_2.jpg 1200w, https:\/\/matterhorn-home.ch\/wp-content\/uploads\/2023\/11\/Web-Cuba-Bilder_018_2-1024x683.jpg 1024w, https:\/\/matterhorn-home.ch\/wp-content\/uploads\/2023\/11\/Web-Cuba-Bilder_018_2-768x512.jpg 768w, https:\/\/matterhorn-home.ch\/wp-content\/uploads\/2023\/11\/Web-Cuba-Bilder_018_2-705x470.jpg 705w\" data-sizes=\"(max-width: 1200px) 100vw, 1200px\"  aria-label=\"image Web Cuba Bilder_018_2\"  id='av-masonry-2-item-1935' data-av-masonry-item='1935' class='av-masonry-entry isotope-item post-1935 attachment type-attachment status-inherit hentry  av-masonry-item-with-image' title=\"Web Cuba Bilder_018_2\" alt=\"Villa in Havanna\"    itemprop=\"thumbnailUrl\" ><div class='av-inner-masonry-sizer'><\/div><figure class='av-inner-masonry main_color'><div class=\"av-masonry-outerimage-container\"><div class='av-masonry-image-container' style=\"background-image: url(https:\/\/matterhorn-home.ch\/wp-content\/uploads\/2023\/11\/Web-Cuba-Bilder_018_2-705x470.jpg);\"  title=\"Web Cuba Bilder_018_2\" ><\/div><\/div><\/figure><\/a><!--end av-masonry entry--><\/div><\/div>\n<div  class='hr av-16f82-0a59bdbb0b71d6edfbe460412078e907 hr-default  avia-builder-el-87  el_after_av_masonry_gallery  el_before_av_two_third  avia-builder-el-first '><span class='hr-inner '><span class=\"hr-inner-style\"><\/span><\/span><\/div>\n<div  class='flex_column av-av_two_third-a2cef933b0a555f25d1e39b22a8e9dae av_two_third  avia-builder-el-88  el_after_av_hr  el_before_av_two_third  first flex_column_div  '     ><\/div>\n<div  class='flex_column av-av_two_third-a2cef933b0a555f25d1e39b22a8e9dae av_two_third  avia-builder-el-89  el_after_av_two_third  el_before_av_two_third  first flex_column_div  column-top-margin'     ><\/div>\n<div  class='flex_column av-av_two_third-a2cef933b0a555f25d1e39b22a8e9dae av_two_third  avia-builder-el-90  el_after_av_two_third  avia-builder-el-last  first flex_column_div  column-top-margin'     ><\/div>\n","protected":false},"excerpt":{"rendered":"","protected":false},"author":3,"featured_media":0,"parent":0,"menu_order":0,"comment_status":"closed","ping_status":"open","template":"","meta":{"_seopress_robots_primary_cat":"0","_seopress_titles_title":"","_seopress_titles_desc":"","_seopress_robots_index":"","_bos_mb_destination":[""],"footnotes":""},"class_list":["post-1157","page","type-page","status-publish","hentry"],"_links":{"self":[{"href":"https:\/\/matterhorn-home.ch\/en\/wp-json\/wp\/v2\/pages\/1157","targetHints":{"allow":["GET"]}}],"collection":[{"href":"https:\/\/matterhorn-home.ch\/en\/wp-json\/wp\/v2\/pages"}],"about":[{"href":"https:\/\/matterhorn-home.ch\/en\/wp-json\/wp\/v2\/types\/page"}],"author":[{"embeddable":true,"href":"https:\/\/matterhorn-home.ch\/en\/wp-json\/wp\/v2\/users\/3"}],"replies":[{"embeddable":true,"href":"https:\/\/matterhorn-home.ch\/en\/wp-json\/wp\/v2\/comments?post=1157"}],"version-history":[{"count":90,"href":"https:\/\/matterhorn-home.ch\/en\/wp-json\/wp\/v2\/pages\/1157\/revisions"}],"predecessor-version":[{"id":4294,"href":"https:\/\/matterhorn-home.ch\/en\/wp-json\/wp\/v2\/pages\/1157\/revisions\/4294"}],"wp:attachment":[{"href":"https:\/\/matterhorn-home.ch\/en\/wp-json\/wp\/v2\/media?parent=1157"}],"curies":[{"name":"wp","href":"https:\/\/api.w.org\/{rel}","templated":true}]}}